{"id":4386,"date":"2024-06-13T09:31:37","date_gmt":"2024-06-13T09:31:37","guid":{"rendered":"https:\/\/www.amazon-of-europe.com\/five-countries-biosphere-reserve\/"},"modified":"2026-04-29T14:57:09","modified_gmt":"2026-04-29T14:57:09","slug":"a-bioszfera-rezervatum","status":"publish","type":"page","link":"https:\/\/www.amazon-of-europe.com\/hu\/a-bioszfera-rezervatum\/","title":{"rendered":"A bioszf\u00e9ra-rezerv\u00e1tum"},"content":{"rendered":"<p>[et_pb_section fb_built=&#8221;1&#8243; _builder_version=&#8221;4.27.0&#8243; _module_preset=&#8221;default&#8221; background_color=&#8221;#A5BE8A&#8221; custom_margin=&#8221;0px||0px||false|false&#8221; custom_padding=&#8221;25px||10px||false|false&#8221; top_divider_color=&#8221;#7DAAAF&#8221; top_divider_height=&#8221;18px&#8221; top_divider_repeat=&#8221;25x&#8221; top_divider_height_tablet=&#8221;16px&#8221; top_divider_height_phone=&#8221;10px&#8221; top_divider_height_last_edited=&#8221;on|desktop&#8221; top_divider_repeat_tablet=&#8221;16x&#8221; top_divider_repeat_phone=&#8221;10x&#8221; top_divider_repeat_last_edited=&#8221;on|phone&#8221; bottom_divider_color=&#8221;#7DAAAF&#8221; bottom_divider_height=&#8221;25px&#8221; bottom_divider_repeat=&#8221;25x&#8221; bottom_divider_height_tablet=&#8221;16px&#8221; bottom_divider_height_phone=&#8221;10px&#8221; bottom_divider_height_last_edited=&#8221;on|phone&#8221; bottom_divider_repeat_tablet=&#8221;16x&#8221; bottom_divider_repeat_phone=&#8221;10x&#8221; bottom_divider_repeat_last_edited=&#8221;on|phone&#8221; border_color_top=&#8221;#d8e5e7&#8243; border_color_bottom=&#8221;#A5BE8A&#8221; locked=&#8221;off&#8221; global_colors_info=&#8221;{}&#8221;][et_pb_row _builder_version=&#8221;4.27.0&#8243; _module_preset=&#8221;default&#8221; width=&#8221;65%&#8221; width_tablet=&#8221;80%&#8221; width_phone=&#8221;80%&#8221; width_last_edited=&#8221;on|tablet&#8221; max_width=&#8221;900px&#8221; custom_margin=&#8221;0px||0px||false|false&#8221; custom_padding=&#8221;0px||0px||false|false&#8221; global_colors_info=&#8221;{}&#8221;][et_pb_column type=&#8221;4_4&#8243; _builder_version=&#8221;4.27.0&#8243; _module_preset=&#8221;default&#8221; global_colors_info=&#8221;{}&#8221;][et_pb_text _builder_version=&#8221;4.27.0&#8243; _module_preset=&#8221;default&#8221; header_text_color=&#8221;#FFFFFF&#8221; header_font_size=&#8221;45px&#8221; custom_margin=&#8221;0px||0px||false|false&#8221; custom_padding=&#8221;0px||0px||false|false&#8221; global_colors_info=&#8221;{}&#8221;]<\/p>\n<h1>A BIOSZF\u00c9RA-REZERV\u00c1TUM<\/h1>\n<p>[\/et_pb_text][\/et_pb_column][\/et_pb_row][\/et_pb_section][et_pb_section fb_built=&#8221;1&#8243; _builder_version=&#8221;4.27.0&#8243; _module_preset=&#8221;default&#8221; custom_margin=&#8221;0px||0px||false|false&#8221; custom_padding=&#8221;0px||0px||false|false&#8221; global_colors_info=&#8221;{}&#8221;][et_pb_row _builder_version=&#8221;4.27.0&#8243; _module_preset=&#8221;default&#8221; width=&#8221;65%&#8221; width_tablet=&#8221;80%&#8221; width_phone=&#8221;80%&#8221; width_last_edited=&#8221;on|tablet&#8221; max_width=&#8221;900px&#8221; custom_margin=&#8221;0px||||false|false&#8221; custom_padding=&#8221;15px||0px||false|false&#8221; global_colors_info=&#8221;{}&#8221;][et_pb_column type=&#8221;4_4&#8243; _builder_version=&#8221;4.25.2&#8243; _module_preset=&#8221;default&#8221; global_colors_info=&#8221;{}&#8221;][et_pb_text _builder_version=&#8221;4.27.0&#8243; _module_preset=&#8221;default&#8221; text_font_size=&#8221;16px&#8221; text_line_height=&#8221;22px&#8221; header_2_text_color=&#8221;#7DAAAF&#8221; header_2_font_size=&#8221;35px&#8221; global_colors_info=&#8221;{}&#8221;]<\/p>\n<h2>\u00c1ltal\u00e1nos inform\u00e1ci\u00f3k<\/h2>\n<p>Az Ausztri\u00e1n, Szlov\u00e9ni\u00e1n, Horv\u00e1torsz\u00e1gon \u00e9s Magyarorsz\u00e1gon \u00e1tfoly\u00f3 Mura \u00e9s Dr\u00e1va a Duna csatlakoz\u00f3 szakasz\u00e1val egy\u00fctt Eur\u00f3pa egyik \u00f6kol\u00f3giailag legfontosabb v\u00edzrendszer\u00e9t alkotja: ezt nevezz\u00fck \u201eEur\u00f3pa Amazonas\u00e1nak\u201d.<\/p>\n<p>A h\u00e1rom foly\u00f3 700 kilom\u00e9ter hossz\u00fa \u201ez\u00f6ld folyos\u00f3t\u201d alkot, amely \u00f6t orsz\u00e1g mintegy egymilli\u00f3 hekt\u00e1rnyi term\u00e9szeti \u00e9s kultur\u00e1lis \u00e9rt\u00e9kekben kiemelked\u0151en gazdag ter\u00fcleteit k\u00f6ti \u00f6ssze, \u00e9s ez\u00e1ltal az UNESCO Mura\u2013Dr\u00e1va\u2013Duna Bioszf\u00e9ra-rezerv\u00e1tum az egys\u00e9g szimb\u00f3lum\u00e1v\u00e1 is v\u00e1lt.<\/p>\n<p>A m\u00faltban bek\u00f6vetkezett sz\u00e1mos ember okozta v\u00e1ltoz\u00e1s ellen\u00e9re ez a leny\u0171g\u00f6z\u0151 \u00e1rt\u00e9ri vid\u00e9k elk\u00e9peszt\u0151 biol\u00f3giai sokf\u00e9les\u00e9gnek ad otthont. Olyan ritka term\u00e9szetes \u00e9l\u0151helyek tal\u00e1lhat\u00f3k itt, mint a nagy kiterjed\u00e9s\u0171 \u00e1rt\u00e9ri erd\u0151k, szigetek, kavics- \u00e9s homokpadok, mell\u00e9k\u00e1gak \u00e9s holt\u00e1gak. Ezeken az \u00e9l\u0151helyeken tal\u00e1lj\u00e1k meg \u00e9letfelt\u00e9teleiket a kontinent\u00e1lis Eur\u00f3p\u00e1ban a legnagyobb s\u0171r\u0171s\u00e9gben a r\u00e9tisasok k\u00f6lt\u0151p\u00e1rjai \u00e9s m\u00e1s vesz\u00e9lyeztetett fajok, mint a kis cs\u00e9r, a fekete g\u00f3lya \u00e9s a vidra. \u00c9vente t\u00f6bb mint 250.000 vonul\u00f3 mad\u00e1r sz\u00e1m\u00e1ra ny\u00fajt pihen\u0151helyet \u00e9s t\u00e1pl\u00e1l\u00e9kforr\u00e1st.<\/p>\n<p>A biol\u00f3giai sokf\u00e9les\u00e9gen t\u00fal a foly\u00f3k \u00e9s \u00e1rterek a helyi k\u00f6z\u00f6ss\u00e9gek sz\u00e1m\u00e1ra is l\u00e9tfontoss\u00e1g\u00faak. A term\u00e9szetes \u00e1llapot\u00fa foly\u00f3k \u00e9s a kiterjedt \u00e1rterek cs\u00f6kkentik az \u00e1rv\u00edzvesz\u00e9lyt, valamint biztos\u00edtj\u00e1k a kedvez\u0151 talajv\u00edzviszonyokat \u00e9s a v\u00edz \u00f6ntisztul\u00e1s\u00e1t, ami elengedhetetlen az iv\u00f3v\u00edz, az erd\u0151k \u00e9s a mez\u0151gazdas\u00e1g sz\u00e1m\u00e1ra. A foly\u00f3k ment\u00e9n \u00e9l\u0151k \u00e9s az idel\u00e1togat\u00f3k szabadid\u0151s tev\u00e9kenys\u00e9geknek h\u00f3dolnak: s\u00e9t\u00e1lnak, \u00fasznak \u00e9s horg\u00e1sznak.<\/p>\n<p>[\/et_pb_text][\/et_pb_column][\/et_pb_row][\/et_pb_section][et_pb_section fb_built=&#8221;1&#8243; _builder_version=&#8221;4.27.0&#8243; _module_preset=&#8221;default&#8221; custom_margin=&#8221;0px||0px||false|false&#8221; custom_padding=&#8221;0px||0px||false|false&#8221; global_colors_info=&#8221;{}&#8221;][et_pb_row column_structure=&#8221;1_3,1_3,1_3&#8243; use_custom_gutter=&#8221;on&#8221; gutter_width=&#8221;1&#8243; make_equal=&#8221;on&#8221; _builder_version=&#8221;4.27.0&#8243; _module_preset=&#8221;default&#8221; min_height=&#8221;300px&#8221; locked=&#8221;off&#8221; global_colors_info=&#8221;{}&#8221;][et_pb_column type=&#8221;1_3&#8243; _builder_version=&#8221;4.27.0&#8243; _module_preset=&#8221;default&#8221; background_image=&#8221;https:\/\/www.amazon-of-europe.com\/wp-content\/uploads\/2024\/08\/Little-ringed-plover-c-G.Safarek_klein.jpg&#8221; custom_css_main_element=&#8221;width:40% !important;&#8221; global_colors_info=&#8221;{}&#8221; custom_css_main_element_last_edited=&#8221;on|tablet&#8221; custom_css_main_element_tablet=&#8221;-&#8221; custom_css_main_element_phone=&#8221;-&#8222;][et_pb_text _builder_version=&#8221;4.27.0&#8243; _module_preset=&#8221;default&#8221; min_height=&#8221;250px&#8221; global_colors_info=&#8221;{}&#8221;][\/et_pb_text][et_pb_is_image src=&#8221;https:\/\/www.amazon-of-europe.com\/wp-content\/uploads\/2024\/09\/Kopacki_Rit_Mario_Romulic-1.jpg&#8221; move_background=&#8221;column&#8221; has_bg_gradient=&#8221;off&#8221; alt=&#8221;TBR MDD Protection&#8221; title_text=&#8221;Kopacki_Rit_Mario_Romulic&#8221; _builder_version=&#8221;4.27.0&#8243; _module_preset=&#8221;default&#8221; copyright_text_align=&#8221;left&#8221; copyright_font_size=&#8221;14px&#8221; global_colors_info=&#8221;{}&#8221;][\/et_pb_is_image][\/et_pb_column][et_pb_column type=&#8221;1_3&#8243; _builder_version=&#8221;4.27.0&#8243; _module_preset=&#8221;default&#8221; background_color=&#8221;#FCEFDD&#8221; custom_css_main_element=&#8221;width:40% !important;&#8221; global_colors_info=&#8221;{}&#8221; custom_css_main_element_last_edited=&#8221;on|tablet&#8221; custom_css_main_element_tablet=&#8221;-&#8221; custom_css_main_element_phone=&#8221;-&#8222;][et_pb_text _builder_version=&#8221;4.27.0&#8243; _module_preset=&#8221;default&#8221; text_text_color=&#8221;#967D6A&#8221; text_font_size=&#8221;16px&#8221; text_line_height=&#8221;22px&#8221; header_2_text_color=&#8221;#967D6A&#8221; header_2_font_size=&#8221;35px&#8221; custom_padding=&#8221;40px|40px|40px|40px|false|false&#8221; link_option_url=&#8221;https:\/\/www.amazon-of-europe.com\/hu\/a-bioszfera-rezervatum\/termeszetvedelem\/&#8221; global_colors_info=&#8221;{}&#8221;]<\/p>\n<h2>Term\u00e9szetv\u00e9delem<\/h2>\n<p>A bioszf\u00e9ra-rezerv\u00e1tum a nagyszab\u00e1s\u00fa, hat\u00e1rokon \u00e1tny\u00fal\u00f3 term\u00e9szetv\u00e9delem \u00fatt\u00f6r\u0151 kezdem\u00e9nyez\u00e9se, amely az UNESCO v\u00e9dn\u00f6ks\u00e9ge alatt \u00e1ll\u00f3 nemzetk\u00f6zi egy\u00fcttm\u0171k\u00f6d\u00e9s erej\u00e9t mutatja be a biol\u00f3giai sokf\u00e9les\u00e9g meg\u0151rz\u00e9se ter\u00e9n. A vil\u00e1g els\u0151 \u00f6t orsz\u00e1gra kiterjed\u0151 bioszf\u00e9ra-rezerv\u00e1tumak\u00e9nt innovat\u00edv strat\u00e9gi\u00e1kat alkalmaz az ikonikus foly\u00f3k ment\u00e9n elter\u00fcl\u0151 gazdag \u00f6kosziszt\u00e9m\u00e1k v\u00e9delm\u00e9re \u00e9s a 12 f\u0151 v\u00e9dett ter\u00fclet kezel\u00e9s\u00e9nek \u00f6sszehangol\u00e1s\u00e1ra, \u00e9s egyens\u00falyt teremt a term\u00e9szetv\u00e9delem \u00e9s a fenntarthat\u00f3 region\u00e1lis fejl\u0151d\u00e9s k\u00f6z\u00f6tt.<\/p>\n<p>[\/et_pb_text][\/et_pb_column][et_pb_column type=&#8221;1_3&#8243; _builder_version=&#8221;4.27.0&#8243; _module_preset=&#8221;default&#8221; custom_css_main_element=&#8221;width:20% !important;&#8221; global_colors_info=&#8221;{}&#8221; custom_css_main_element_last_edited=&#8221;on|tablet&#8221; custom_css_main_element_tablet=&#8221;-&#8221; custom_css_main_element_phone=&#8221;-&#8222;][et_pb_button button_url=&#8221;https:\/\/www.amazon-of-europe.com\/hu\/a-bioszfera-rezervatum\/termeszetvedelem\/&#8221; button_text=&#8221;\u2192&#8221; button_alignment=&#8221;center&#8221; _builder_version=&#8221;4.27.0&#8243; _module_preset=&#8221;default&#8221; custom_button=&#8221;on&#8221; button_text_size=&#8221;32px&#8221; button_border_radius=&#8221;60px&#8221; button_use_icon=&#8221;off&#8221; custom_margin=&#8221;150px||||false|false&#8221; custom_margin_tablet=&#8221;0px||||false|false&#8221; custom_margin_phone=&#8221;20px||||false|false&#8221; custom_margin_last_edited=&#8221;on|desktop&#8221; custom_padding=&#8221;15px|30px|15px|30px|false|false&#8221; global_colors_info=&#8221;{}&#8221;][\/et_pb_button][\/et_pb_column][\/et_pb_row][et_pb_row column_structure=&#8221;1_3,1_3,1_3&#8243; use_custom_gutter=&#8221;on&#8221; gutter_width=&#8221;1&#8243; make_equal=&#8221;on&#8221; _builder_version=&#8221;4.27.0&#8243; _module_preset=&#8221;default&#8221; min_height=&#8221;300px&#8221; locked=&#8221;off&#8221; global_colors_info=&#8221;{}&#8221;][et_pb_column type=&#8221;1_3&#8243; _builder_version=&#8221;4.27.0&#8243; _module_preset=&#8221;default&#8221; custom_css_main_element=&#8221;width:20% !important;&#8221; global_colors_info=&#8221;{}&#8221; custom_css_main_element_last_edited=&#8221;on|tablet&#8221; custom_css_main_element_tablet=&#8221;-&#8221; custom_css_main_element_phone=&#8221;-&#8222;][et_pb_button button_url=&#8221;https:\/\/www.amazon-of-europe.com\/hu\/a-bioszfera-rezervatum\/veszelyezteto-tenyezok\/&#8221; button_text=&#8221;\u2192&#8221; button_alignment=&#8221;center&#8221; disabled_on=&#8221;on|on|off&#8221; _builder_version=&#8221;4.27.0&#8243; _module_preset=&#8221;default&#8221; custom_button=&#8221;on&#8221; button_text_size=&#8221;32px&#8221; button_border_radius=&#8221;60px&#8221; button_use_icon=&#8221;off&#8221; custom_margin=&#8221;150px||||false|false&#8221; custom_margin_tablet=&#8221;0px||||false|false&#8221; custom_margin_phone=&#8221;20px||||false|false&#8221; custom_margin_last_edited=&#8221;on|desktop&#8221; custom_padding=&#8221;15px|30px|15px|30px|false|false&#8221; global_colors_info=&#8221;{}&#8221;][\/et_pb_button][\/et_pb_column][et_pb_column type=&#8221;1_3&#8243; _builder_version=&#8221;4.27.0&#8243; _module_preset=&#8221;default&#8221; background_color=&#8221;#FCEFDD&#8221; custom_css_main_element=&#8221;width:40% !important;&#8221; global_colors_info=&#8221;{}&#8221; custom_css_main_element_last_edited=&#8221;on|tablet&#8221; custom_css_main_element_tablet=&#8221;-&#8221; custom_css_main_element_phone=&#8221;-&#8222;][et_pb_text _builder_version=&#8221;4.27.0&#8243; _module_preset=&#8221;default&#8221; text_text_color=&#8221;#967D6A&#8221; text_font_size=&#8221;16px&#8221; text_line_height=&#8221;22px&#8221; header_2_text_color=&#8221;#967D6A&#8221; header_2_font_size=&#8221;35px&#8221; custom_padding=&#8221;40px|40px|40px|40px|false|false&#8221; link_option_url=&#8221;https:\/\/www.amazon-of-europe.com\/hu\/a-bioszfera-rezervatum\/veszelyezteto-tenyezok\/&#8221; global_colors_info=&#8221;{}&#8221;]<\/p>\n<h2>Vesz\u00e9lyeztet\u0151 t\u00e9nyez\u0151k<\/h2>\n<p>V\u00e9dett st\u00e1tusza ellen\u00e9re a bioszf\u00e9ra-rezerv\u00e1tum sz\u00e1mos olyan kih\u00edv\u00e1ssal n\u00e9z szembe, amelyek \u00e9l\u0151vil\u00e1g\u00e1t vesz\u00e9lyeztetik. A foly\u00f3kat k\u00fcl\u00f6nb\u00f6z\u0151 emberi tev\u00e9kenys\u00e9gek \u00e9s elavult gazd\u00e1lkod\u00e1si m\u00f3dok vesz\u00e9lyeztetik. Terhel\u00e9st jelentenek a kor\u00e1bbi foly\u00f3szab\u00e1lyoz\u00e1si munk\u00e1k, a kotr\u00e1s, a ter\u00fcleten l\u00e9v\u0151 v\u00edzer\u0151m\u0171vek, valamint az egyre intenz\u00edvebb erd\u0151gazd\u00e1lkod\u00e1s \u00e9s mez\u0151gazdas\u00e1g. A hat\u00e9kony v\u00e9delmi strat\u00e9gi\u00e1k kidolgoz\u00e1s\u00e1hoz \u00e9s a k\u00fcl\u00f6nleges folyami \u00f6kosziszt\u00e9ma hossz\u00fa t\u00e1v\u00fa fennmarad\u00e1s\u00e1nak a biztos\u00edt\u00e1s\u00e1hoz elengedhetetlen ezeknek a vesz\u00e9lyeknek a meg\u00e9rt\u00e9se.[\/et_pb_text][\/et_pb_column][et_pb_column type=&#8221;1_3&#8243; _builder_version=&#8221;4.27.0&#8243; _module_preset=&#8221;default&#8221; background_image=&#8221;https:\/\/www.amazon-of-europe.com\/wp-content\/uploads\/2024\/08\/Little-ringed-plover-c-G.Safarek_klein.jpg&#8221; custom_css_main_element=&#8221;width:40% !important;&#8221; global_colors_info=&#8221;{}&#8221; custom_css_main_element_last_edited=&#8221;on|tablet&#8221; custom_css_main_element_tablet=&#8221;-&#8221; custom_css_main_element_phone=&#8221;-&#8222;][et_pb_text _builder_version=&#8221;4.27.0&#8243; _module_preset=&#8221;default&#8221; min_height=&#8221;250px&#8221; global_colors_info=&#8221;{}&#8221;][\/et_pb_text][et_pb_is_image src=&#8221;https:\/\/www.amazon-of-europe.com\/wp-content\/uploads\/2024\/09\/Drava_Regulations_Croatia_A.-Mohl_WWF.jpg&#8221; move_background=&#8221;column&#8221; has_bg_gradient=&#8221;off&#8221; alt=&#8221;TBR MDD Threats&#8221; title_text=&#8221;Drava_Regulations_Croatia_A. Mohl_WWF&#8221; _builder_version=&#8221;4.27.0&#8243; _module_preset=&#8221;default&#8221; copyright_text_align=&#8221;left&#8221; copyright_font_size=&#8221;14px&#8221; global_colors_info=&#8221;{}&#8221;][\/et_pb_is_image][\/et_pb_column][\/et_pb_row][et_pb_row disabled_on=&#8221;off|off|on&#8221; _builder_version=&#8221;4.27.0&#8243; _module_preset=&#8221;default&#8221; custom_margin=&#8221;0px||0px||false|false&#8221; custom_padding=&#8221;0px||0px||false|false&#8221; global_colors_info=&#8221;{}&#8221;][et_pb_column type=&#8221;4_4&#8243; _builder_version=&#8221;4.27.0&#8243; _module_preset=&#8221;default&#8221; global_colors_info=&#8221;{}&#8221;][et_pb_button button_url=&#8221;https:\/\/www.amazon-of-europe.com\/hu\/a-bioszfera-rezervatum\/veszelyezteto-tenyezok\/&#8221; button_text=&#8221;\u2192&#8221; button_alignment=&#8221;center&#8221; _builder_version=&#8221;4.27.0&#8243; _module_preset=&#8221;default&#8221; custom_button=&#8221;on&#8221; button_text_size=&#8221;32px&#8221; button_border_radius=&#8221;60px&#8221; button_use_icon=&#8221;off&#8221; custom_margin=&#8221;||||false|false&#8221; custom_margin_tablet=&#8221;0px||||false|false&#8221; custom_margin_phone=&#8221;20px||||false|false&#8221; custom_margin_last_edited=&#8221;on|desktop&#8221; custom_padding=&#8221;15px|30px|15px|30px|false|false&#8221; global_colors_info=&#8221;{}&#8221;][\/et_pb_button][\/et_pb_column][\/et_pb_row][et_pb_row column_structure=&#8221;1_3,1_3,1_3&#8243; use_custom_gutter=&#8221;on&#8221; gutter_width=&#8221;1&#8243; make_equal=&#8221;on&#8221; _builder_version=&#8221;4.27.0&#8243; _module_preset=&#8221;default&#8221; locked=&#8221;off&#8221; global_colors_info=&#8221;{}&#8221;][et_pb_column type=&#8221;1_3&#8243; _builder_version=&#8221;4.27.0&#8243; _module_preset=&#8221;default&#8221; background_image=&#8221;https:\/\/www.amazon-of-europe.com\/wp-content\/uploads\/2024\/08\/Little-ringed-plover-c-G.Safarek_klein.jpg&#8221; custom_css_main_element=&#8221;width:40% !important;&#8221; global_colors_info=&#8221;{}&#8221; custom_css_main_element_last_edited=&#8221;on|tablet&#8221; custom_css_main_element_tablet=&#8221;-&#8221; custom_css_main_element_phone=&#8221;-&#8222;][et_pb_text _builder_version=&#8221;4.27.0&#8243; _module_preset=&#8221;default&#8221; min_height=&#8221;200px&#8221; global_colors_info=&#8221;{}&#8221;][\/et_pb_text][et_pb_is_image src=&#8221;https:\/\/www.amazon-of-europe.com\/wp-content\/uploads\/2026\/04\/FieldTrip_Bjelobrdska_Bara_HR_250521_c_Marko_Lorenzo_Blaslov-9-scaled.jpg&#8221; move_background=&#8221;column&#8221; has_bg_gradient=&#8221;off&#8221; alt=&#8221;LIFE RESTORE for MDD Bjelobrdska Oxbow Restoration&#8221; title_text=&#8221;FieldTrip_Bjelobrdska_Bara_HR_250521_(c)_Marko_Lorenzo_Blaslov (9)&#8221; _builder_version=&#8221;4.27.4&#8243; _module_preset=&#8221;default&#8221; copyright_text_align=&#8221;left&#8221; copyright_font_size=&#8221;14px&#8221; hover_enabled=&#8221;0&#8243; global_colors_info=&#8221;{}&#8221; sticky_enabled=&#8221;0&#8243;][\/et_pb_is_image][\/et_pb_column][et_pb_column type=&#8221;1_3&#8243; _builder_version=&#8221;4.27.0&#8243; _module_preset=&#8221;default&#8221; background_color=&#8221;#FCEFDD&#8221; custom_css_main_element=&#8221;width:40% !important;&#8221; global_colors_info=&#8221;{}&#8221; custom_css_main_element_last_edited=&#8221;on|tablet&#8221; custom_css_main_element_tablet=&#8221;-&#8221; custom_css_main_element_phone=&#8221;-&#8222;][et_pb_text _builder_version=&#8221;4.27.0&#8243; _module_preset=&#8221;default&#8221; text_text_color=&#8221;#967D6A&#8221; text_font_size=&#8221;16px&#8221; text_line_height=&#8221;22px&#8221; header_2_text_color=&#8221;#967D6A&#8221; header_2_font_size=&#8221;35px&#8221; custom_margin=&#8221;||0px||false|false&#8221; custom_padding=&#8221;40px|40px|40px|40px|false|false&#8221; link_option_url=&#8221;https:\/\/www.amazon-of-europe.com\/hu\/a-bioszfera-rezervatum\/helyreallitas\/&#8221; global_colors_info=&#8221;{}&#8221;]<\/p>\n<h2>\u00c9l\u0151hely-helyre\u00e1ll\u00edt\u00e1s<\/h2>\n<p>A helyre\u00e1ll\u00edt\u00e1s a bioszf\u00e9ra-rezerv\u00e1tum egyik k\u00f6zponti eleme, amelynek c\u00e9lja a k\u00e1rosodott foly\u00f3szakaszok \u00e9s \u00e1rter\u00fck term\u00e9szetes dinamik\u00e1j\u00e1nak a vissza\u00e1ll\u00edt\u00e1sa \u00e9s jav\u00edt\u00e1sa. Ezek a tev\u00e9kenys\u00e9gek t\u00falmutatnak a puszta v\u00e9delmen, \u00e9s a biol\u00f3giai sokf\u00e9les\u00e9g, az \u00e1rv\u00edzv\u00e9delem, az iv\u00f3v\u00edzmin\u0151s\u00e9g \u00e9s a helyi lakoss\u00e1g rekre\u00e1ci\u00f3s lehet\u0151s\u00e9geinek az akt\u00edv jav\u00edt\u00e1s\u00e1n dolgoznak. A bioszf\u00e9ra-rezerv\u00e1tum \u00e9l\u0151hely-helyre\u00e1ll\u00edt\u00e1si projektekkel igyekszik megteremteni az egyens\u00falyt a term\u00e9szet \u00e9s az emberi tev\u00e9kenys\u00e9gek k\u00f6z\u00f6tt.<\/p>\n<p>[\/et_pb_text][\/et_pb_column][et_pb_column type=&#8221;1_3&#8243; _builder_version=&#8221;4.27.0&#8243; _module_preset=&#8221;default&#8221; custom_css_main_element=&#8221;width:20% !important;&#8221; global_colors_info=&#8221;{}&#8221; custom_css_main_element_last_edited=&#8221;on|tablet&#8221; custom_css_main_element_phone=&#8221;-&#8221; custom_css_main_element_tablet=&#8221;-&#8222;][et_pb_button button_url=&#8221;https:\/\/www.amazon-of-europe.com\/hu\/a-bioszfera-rezervatum\/helyreallitas\/&#8221; button_text=&#8221;\u2192&#8221; button_alignment=&#8221;center&#8221; _builder_version=&#8221;4.27.0&#8243; _module_preset=&#8221;default&#8221; custom_button=&#8221;on&#8221; button_text_size=&#8221;32px&#8221; button_border_radius=&#8221;60px&#8221; button_use_icon=&#8221;off&#8221; custom_margin=&#8221;150px||||false|false&#8221; custom_margin_tablet=&#8221;0px||||false|false&#8221; custom_margin_phone=&#8221;20px||||false|false&#8221; custom_margin_last_edited=&#8221;on|desktop&#8221; custom_padding=&#8221;15px|30px|15px|30px|false|false&#8221; global_colors_info=&#8221;{}&#8221;][\/et_pb_button][\/et_pb_column][\/et_pb_row][\/et_pb_section][et_pb_section fb_built=&#8221;1&#8243; module_id=&#8221;history&#8221; _builder_version=&#8221;4.27.0&#8243; _module_preset=&#8221;default&#8221; custom_margin=&#8221;0px||0px||false|false&#8221; custom_padding=&#8221;0px||0px||false|false&#8221; locked=&#8221;off&#8221; global_colors_info=&#8221;{}&#8221;][et_pb_row _builder_version=&#8221;4.27.0&#8243; _module_preset=&#8221;default&#8221; width=&#8221;65%&#8221; width_tablet=&#8221;80%&#8221; width_phone=&#8221;80%&#8221; width_last_edited=&#8221;on|tablet&#8221; max_width=&#8221;900px&#8221; custom_margin=&#8221;0px||||false|false&#8221; custom_padding=&#8221;15px||0px||false|false&#8221; global_colors_info=&#8221;{}&#8221;][et_pb_column type=&#8221;4_4&#8243; _builder_version=&#8221;4.25.2&#8243; _module_preset=&#8221;default&#8221; global_colors_info=&#8221;{}&#8221;][et_pb_text _builder_version=&#8221;4.27.0&#8243; _module_preset=&#8221;default&#8221; text_font_size=&#8221;16px&#8221; text_line_height=&#8221;22px&#8221; header_2_text_color=&#8221;#7DAAAF&#8221; header_2_font_size=&#8221;35px&#8221; global_colors_info=&#8221;{}&#8221;]<\/p>\n<h2>T\u00f6rt\u00e9net<\/h2>\n<p>A Mura\u2013Dr\u00e1va\u2013Duna r\u00e9gi\u00f3 v\u00e9delme \u00e9rdek\u00e9ben a WWF \u00e9s az \u00f6t orsz\u00e1g term\u00e9szetv\u00e9delmi partnerei k\u00f6zel 30 \u00e9ve dolgoznak a bioszf\u00e9ra-rezerv\u00e1tum l\u00e9trehoz\u00e1s\u00e1n. 2011 m\u00e1rcius\u00e1ban Ausztria, Szlov\u00e9nia, Horv\u00e1torsz\u00e1g, Magyarorsz\u00e1g \u00e9s Szerbia k\u00f6rnyezetv\u00e9delmi \u00e9s term\u00e9szetv\u00e9delmi miniszterei G\u00f6d\u00f6ll\u0151n, a magyar EU-eln\u00f6ks\u00e9g id\u0151szak\u00e1ban az \u00e9lenj\u00e1r\u00f3 k\u00f6rnyezetv\u00e9delem \u00e9s a hat\u00e1rokon \u00e1tny\u00fal\u00f3 egy\u00fcttm\u0171k\u00f6d\u00e9s jegy\u00e9ben k\u00f6z\u00f6s nyilatkozatot \u00edrtak al\u00e1 a bioszf\u00e9ra-rezerv\u00e1tum l\u00e9trehoz\u00e1s\u00e1r\u00f3l. A bioszf\u00e9ra-rezerv\u00e1tum ter\u00fcleteinek kijel\u00f6l\u00e9s\u00e9t k\u00f6vet\u0151en v\u00e9gre megval\u00f3sult a r\u00e9g\u00f3ta v\u00e1rt c\u00e9l, amikor a kor\u00e1bban horv\u00e1t \u00e9s magyar ter\u00fcleteket fel\u00f6lel\u0151 bioszf\u00e9ra-rezerv\u00e1tum kiterjeszt\u00e9s\u00e9vel 2021. szeptember 15-\u00e9n l\u00e9trej\u00f6tt a vil\u00e1g els\u0151 \u00f6t orsz\u00e1gra kiterjed\u0151 UNESCO bioszf\u00e9ra-rezerv\u00e1tuma.[\/et_pb_text][\/et_pb_column][\/et_pb_row][et_pb_row _builder_version=&#8221;4.27.0&#8243; _module_preset=&#8221;default&#8221; width=&#8221;65%&#8221; width_tablet=&#8221;80%&#8221; width_phone=&#8221;80%&#8221; width_last_edited=&#8221;on|tablet&#8221; max_width=&#8221;900px&#8221; custom_margin=&#8221;25px||25px||false|false&#8221; custom_padding=&#8221;15px||0px|10px|false|false&#8221; border_width_left=&#8221;4px&#8221; border_color_left=&#8221;#7DAAAF&#8221; global_colors_info=&#8221;{}&#8221;][et_pb_column type=&#8221;4_4&#8243; _builder_version=&#8221;4.25.2&#8243; _module_preset=&#8221;default&#8221; global_colors_info=&#8221;{}&#8221;][et_pb_text _builder_version=&#8221;4.27.0&#8243; _module_preset=&#8221;default&#8221; header_2_text_color=&#8221;#7DAAAF&#8221; header_2_font_size=&#8221;35px&#8221; global_colors_info=&#8221;{}&#8221;]<\/p>\n<h2>A bioszf\u00e9ra-rezerv\u00e1tum kihirdet\u00e9s\u00e9hez vezet\u0151 legfontosabb l\u00e9p\u00e9sek<\/h2>\n<p>[\/et_pb_text][et_pb_blurb title=&#8221;1993&#8243; use_icon=&#8221;on&#8221; font_icon=&#8221;&#xf138;||fa||900&#8243; icon_color=&#8221;#7DAAAF&#8221; icon_placement=&#8221;left&#8221; image_icon_width=&#8221;25px&#8221; content_max_width=&#8221;1100px&#8221; _builder_version=&#8221;4.27.0&#8243; _module_preset=&#8221;default&#8221; header_text_color=&#8221;#7DAAAF&#8221; header_font_size=&#8221;25px&#8221; body_text_color=&#8221;#7DAAAF&#8221; body_font_size=&#8221;16px&#8221; body_line_height=&#8221;22px&#8221; module_alignment=&#8221;left&#8221; animation_style=&#8221;fade&#8221; animation_direction=&#8221;right&#8221; custom_css_blurb_title=&#8221;margin-bottom:-10px;&#8221; global_colors_info=&#8221;{}&#8221;]<\/p>\n<p>Megsz\u00fcletik a hat\u00e1rokon \u00e1tny\u00fal\u00f3 bioszf\u00e9ra-rezerv\u00e1tum l\u00e9trehoz\u00e1s\u00e1nak \u00f6tlete.<\/p>\n<p>[\/et_pb_blurb][et_pb_blurb title=&#8221;2009&#8243; use_icon=&#8221;on&#8221; font_icon=&#8221;&#xf138;||fa||900&#8243; icon_color=&#8221;#7DAAAF&#8221; icon_placement=&#8221;left&#8221; image_icon_width=&#8221;25px&#8221; content_max_width=&#8221;1100px&#8221; _builder_version=&#8221;4.27.0&#8243; _module_preset=&#8221;default&#8221; header_text_color=&#8221;#7DAAAF&#8221; header_font_size=&#8221;25px&#8221; body_text_color=&#8221;#7DAAAF&#8221; body_font_size=&#8221;16px&#8221; body_line_height=&#8221;22px&#8221; module_alignment=&#8221;left&#8221; animation_style=&#8221;fade&#8221; custom_css_blurb_title=&#8221;margin-bottom:-10px;&#8221; global_colors_info=&#8221;{}&#8221;]<\/p>\n<p>Horv\u00e1torsz\u00e1g \u00e9s Magyarorsz\u00e1g k\u00e9toldal\u00fa miniszteri nyilatkozatot \u00edr al\u00e1 egy hat\u00e1rokon \u00e1tny\u00fal\u00f3 bioszf\u00e9ra-rezerv\u00e1tum l\u00e9trehoz\u00e1s\u00e1r\u00f3l a k\u00e9t orsz\u00e1g ter\u00fclet\u00e9n a Mura, a Dr\u00e1va \u00e9s a Duna ment\u00e9n.<\/p>\n<p>[\/et_pb_blurb][et_pb_blurb title=&#8221;2011&#8243; use_icon=&#8221;on&#8221; font_icon=&#8221;&#xf138;||fa||900&#8243; icon_color=&#8221;#7DAAAF&#8221; icon_placement=&#8221;left&#8221; image_icon_width=&#8221;25px&#8221; content_max_width=&#8221;1100px&#8221; _builder_version=&#8221;4.27.0&#8243; _module_preset=&#8221;default&#8221; header_text_color=&#8221;#7DAAAF&#8221; header_font_size=&#8221;25px&#8221; body_text_color=&#8221;#7DAAAF&#8221; body_font_size=&#8221;16px&#8221; body_line_height=&#8221;22px&#8221; module_alignment=&#8221;left&#8221; animation_style=&#8221;fade&#8221; custom_css_blurb_title=&#8221;margin-bottom:-10px;&#8221; global_colors_info=&#8221;{}&#8221;]<\/p>\n<p>Ausztria, Szlov\u00e9nia \u00e9s Szerbia csatlakozik a kezdem\u00e9nyez\u00e9shez, \u00e9s Horv\u00e1torsz\u00e1ggal \u00e9s Magyarorsz\u00e1ggal egy\u00fctt miniszteri nyilatkozatot \u00edr al\u00e1 a Mura, a Dr\u00e1va \u00e9s a Duna ment\u00e9n \u00f6t orsz\u00e1gra kiterjed\u0151 k\u00f6z\u00f6s bioszf\u00e9ra-rezerv\u00e1tum l\u00e9trehoz\u00e1s\u00e1r\u00f3l.<\/p>\n<p>[\/et_pb_blurb][et_pb_blurb title=&#8221;2012&#8243; use_icon=&#8221;on&#8221; font_icon=&#8221;&#xf138;||fa||900&#8243; icon_color=&#8221;#7DAAAF&#8221; icon_placement=&#8221;left&#8221; image_icon_width=&#8221;25px&#8221; content_max_width=&#8221;1100px&#8221; _builder_version=&#8221;4.27.0&#8243; _module_preset=&#8221;default&#8221; header_text_color=&#8221;#7DAAAF&#8221; header_font_size=&#8221;25px&#8221; body_text_color=&#8221;#7DAAAF&#8221; body_font_size=&#8221;16px&#8221; body_line_height=&#8221;22px&#8221; module_alignment=&#8221;left&#8221; animation_style=&#8221;fade&#8221; custom_css_blurb_title=&#8221;margin-bottom:-10px;&#8221; global_colors_info=&#8221;{}&#8221;]<\/p>\n<p>Az UNESCO kihirdeti a horv\u00e1t-magyar hat\u00e1ron \u00e1tny\u00fal\u00f3 Mura\u2013Dr\u00e1va\u2013Duna bioszf\u00e9ra-rezerv\u00e1tumot.<\/p>\n<p>[\/et_pb_blurb][et_pb_blurb title=&#8221;2017&#8243; use_icon=&#8221;on&#8221; font_icon=&#8221;&#xf138;||fa||900&#8243; icon_color=&#8221;#7DAAAF&#8221; icon_placement=&#8221;left&#8221; image_icon_width=&#8221;25px&#8221; content_max_width=&#8221;1100px&#8221; _builder_version=&#8221;4.27.0&#8243; _module_preset=&#8221;default&#8221; header_text_color=&#8221;#7DAAAF&#8221; header_font_size=&#8221;25px&#8221; body_text_color=&#8221;#7DAAAF&#8221; body_font_size=&#8221;16px&#8221; body_line_height=&#8221;22px&#8221; module_alignment=&#8221;left&#8221; animation_style=&#8221;fade&#8221; custom_css_blurb_title=&#8221;margin-bottom:-10px;&#8221; global_colors_info=&#8221;{}&#8221;]<\/p>\n<p>Az UNESCO kijel\u00f6li a szerbiai Ba\u010dko Podunavlje bioszf\u00e9ra-rezerv\u00e1tumot.<\/p>\n<p>[\/et_pb_blurb][et_pb_blurb title=&#8221;2018&#8243; use_icon=&#8221;on&#8221; font_icon=&#8221;&#xf138;||fa||900&#8243; icon_color=&#8221;#7DAAAF&#8221; icon_placement=&#8221;left&#8221; image_icon_width=&#8221;25px&#8221; content_max_width=&#8221;1100px&#8221; _builder_version=&#8221;4.27.0&#8243; _module_preset=&#8221;default&#8221; header_text_color=&#8221;#7DAAAF&#8221; header_font_size=&#8221;25px&#8221; body_text_color=&#8221;#7DAAAF&#8221; body_font_size=&#8221;16px&#8221; body_line_height=&#8221;22px&#8221; module_alignment=&#8221;left&#8221; animation_style=&#8221;fade&#8221; custom_css_blurb_title=&#8221;margin-bottom:-10px;&#8221; global_colors_info=&#8221;{}&#8221;]<\/p>\n<p>Az UNESCO kijel\u00f6li a szlov\u00e9niai Mura bioszf\u00e9ra-rezerv\u00e1tumot.<\/p>\n<p>[\/et_pb_blurb][et_pb_blurb title=&#8221;2019&#8243; use_icon=&#8221;on&#8221; font_icon=&#8221;&#xf138;||fa||900&#8243; icon_color=&#8221;#7DAAAF&#8221; icon_placement=&#8221;left&#8221; image_icon_width=&#8221;25px&#8221; content_max_width=&#8221;1100px&#8221; _builder_version=&#8221;4.27.0&#8243; _module_preset=&#8221;default&#8221; header_text_color=&#8221;#7DAAAF&#8221; header_font_size=&#8221;25px&#8221; body_text_color=&#8221;#7DAAAF&#8221; body_font_size=&#8221;16px&#8221; body_line_height=&#8221;22px&#8221; module_alignment=&#8221;left&#8221; animation_style=&#8221;fade&#8221; custom_css_blurb_title=&#8221;margin-bottom:-10px;&#8221; global_colors_info=&#8221;{}&#8221;]<\/p>\n<p>Az UNESCO kijel\u00f6li az ausztriai Als\u00f3 Murav\u00f6lgy bioszf\u00e9ra-rezerv\u00e1tumot.<\/p>\n<p>[\/et_pb_blurb][et_pb_blurb title=&#8221;2019&#8243; use_icon=&#8221;on&#8221; font_icon=&#8221;&#xf138;||fa||900&#8243; icon_color=&#8221;#7DAAAF&#8221; icon_placement=&#8221;left&#8221; image_icon_width=&#8221;25px&#8221; content_max_width=&#8221;1100px&#8221; _builder_version=&#8221;4.27.0&#8243; _module_preset=&#8221;default&#8221; header_text_color=&#8221;#7DAAAF&#8221; header_font_size=&#8221;25px&#8221; body_text_color=&#8221;#7DAAAF&#8221; body_font_size=&#8221;16px&#8221; body_line_height=&#8221;22px&#8221; module_alignment=&#8221;left&#8221; animation_style=&#8221;fade&#8221; custom_css_blurb_title=&#8221;margin-bottom:-10px;&#8221; global_colors_info=&#8221;{}&#8221;]<\/p>\n<p>Ausztria, Szlov\u00e9nia, Horv\u00e1torsz\u00e1g, Magyarorsz\u00e1g \u00e9s Szerbia \u00f6sszekapcsolja az egyes bioszf\u00e9ra-rezerv\u00e1tumokat, \u00e9s jel\u00f6li az \u00f6t orsz\u00e1g k\u00f6z\u00f6s Mura\u2013Dr\u00e1va\u2013Duna bioszf\u00e9ra-rezerv\u00e1tum\u00e1t.<\/p>\n<p>[\/et_pb_blurb][et_pb_blurb title=&#8221;2021. szeptember &#8221; use_icon=&#8221;on&#8221; font_icon=&#8221;&#xf138;||fa||900&#8243; icon_color=&#8221;#7DAAAF&#8221; icon_placement=&#8221;left&#8221; image_icon_width=&#8221;25px&#8221; content_max_width=&#8221;1100px&#8221; _builder_version=&#8221;4.27.0&#8243; _module_preset=&#8221;default&#8221; header_text_color=&#8221;#7DAAAF&#8221; header_font_size=&#8221;25px&#8221; body_text_color=&#8221;#7DAAAF&#8221; body_font_size=&#8221;16px&#8221; body_line_height=&#8221;22px&#8221; module_alignment=&#8221;left&#8221; animation_style=&#8221;fade&#8221; custom_css_blurb_title=&#8221;margin-bottom:-10px;&#8221; global_colors_info=&#8221;{}&#8221;]<\/p>\n<p>Az UNESCO kihirdeti az \u00f6t orsz\u00e1gra kiterjed\u0151 Mura\u2013Dr\u00e1va\u2013Duna Bioszf\u00e9ra-rezerv\u00e1tumot.<\/p>\n<p>[\/et_pb_blurb][\/et_pb_column][\/et_pb_row][et_pb_row _builder_version=&#8221;4.27.0&#8243; _module_preset=&#8221;default&#8221; width=&#8221;65%&#8221; width_tablet=&#8221;80%&#8221; width_phone=&#8221;80%&#8221; width_last_edited=&#8221;on|desktop&#8221; max_width=&#8221;900px&#8221; module_alignment=&#8221;center&#8221; global_colors_info=&#8221;{}&#8221;][et_pb_column type=&#8221;4_4&#8243; _builder_version=&#8221;4.25.2&#8243; _module_preset=&#8221;default&#8221; global_colors_info=&#8221;{}&#8221;][et_pb_video src=&#8221;https:\/\/youtu.be\/cIiffhHa7hw&#8221; _builder_version=&#8221;4.27.0&#8243; _module_preset=&#8221;default&#8221; global_colors_info=&#8221;{}&#8221;][\/et_pb_video][\/et_pb_column][\/et_pb_row][\/et_pb_section][et_pb_section fb_built=&#8221;1&#8243; _builder_version=&#8221;4.27.0&#8243; _module_preset=&#8221;default&#8221; custom_margin=&#8221;0px||0px||false|false&#8221; custom_padding=&#8221;0px||0px||false|false&#8221; global_colors_info=&#8221;{}&#8221;][et_pb_row _builder_version=&#8221;4.27.0&#8243; _module_preset=&#8221;default&#8221; width_tablet=&#8221;80%&#8221; width_phone=&#8221;80%&#8221; width_last_edited=&#8221;on|tablet&#8221; custom_margin=&#8221;0px||||false|false&#8221; custom_padding=&#8221;15px||0px||false|false&#8221; global_colors_info=&#8221;{}&#8221;][et_pb_column type=&#8221;4_4&#8243; _builder_version=&#8221;4.27.0&#8243; _module_preset=&#8221;default&#8221; global_colors_info=&#8221;{}&#8221;][et_pb_image src=&#8221;https:\/\/www.amazon-of-europe.com\/wp-content\/uploads\/2024\/11\/FactsFigures_Graphic_HU.jpg&#8221; alt=&#8221;Amazon of Europe Facts&#8221; title_text=&#8221;Facts&#038;Figures_Graphic_HU&#8221; _builder_version=&#8221;4.27.0&#8243; _module_preset=&#8221;default&#8221; global_colors_info=&#8221;{}&#8221;][\/et_pb_image][\/et_pb_column][\/et_pb_row][et_pb_row column_structure=&#8221;1_2,1_2&#8243; use_custom_gutter=&#8221;on&#8221; gutter_width=&#8221;2&#8243; _builder_version=&#8221;4.27.0&#8243; _module_preset=&#8221;default&#8221; width=&#8221;65%&#8221; width_tablet=&#8221;80%&#8221; width_phone=&#8221;80%&#8221; width_last_edited=&#8221;on|tablet&#8221; max_width=&#8221;900px&#8221; custom_margin=&#8221;20px||||false|false&#8221; custom_padding=&#8221;0px||||false|false&#8221; global_colors_info=&#8221;{}&#8221;][et_pb_column type=&#8221;1_2&#8243; _builder_version=&#8221;4.25.2&#8243; _module_preset=&#8221;default&#8221; global_colors_info=&#8221;{}&#8221;][et_pb_text _builder_version=&#8221;4.27.0&#8243; _module_preset=&#8221;default&#8221; text_font_size=&#8221;16px&#8221; text_line_height=&#8221;22px&#8221; header_2_text_color=&#8221;#7DAAAF&#8221; global_colors_info=&#8221;{}&#8221;]<\/p>\n<p><strong>Itt az ideje, hogy \u00fajra felfedezz\u00fck kapcsolatunkat a term\u00e9szettel! Az \u00e9l\u0151 folyami \u00f6kosziszt\u00e9m\u00e1k meg\u0151rz\u00e9se mellett c\u00e9lunk a fenntarthat\u00f3 fejl\u0151d\u00e9s el\u0151mozd\u00edt\u00e1sa a bioszf\u00e9ra-rezerv\u00e1tumon bel\u00fcl.<\/strong>\u00a0<\/p>\n<p>K\u00e9pzelje el az \u00e9lettel teli foly\u00f3kat \u00e1lomszer\u0171 szigetekkel, term\u00e9szetes kavics- \u00e9s homokpadokkal, rejt\u00e9lyes mell\u00e9k\u00e1gakkal, id\u0151s f\u00e1kkal \u00e9s buja n\u00f6v\u00e9nyzettel bor\u00edtott \u00e1rterekkel. K\u00e9pzelje el a gazdag vad\u00e1llom\u00e1nyt: a sek\u00e9ly foly\u00f3partokon vad\u00e1sz\u00f3 fekete g\u00f3ly\u00e1kat, a parti fecsk\u00e9k ezreit, amint a term\u00e9szetes foly\u00f3partokon sz\u00fanyogokat fogva t\u00e1pl\u00e1lj\u00e1k fi\u00f3k\u00e1ikat, \u00e9s k\u00e9pzelje el a kavicsz\u00e1tonyokon \u00edv\u00f3 kecseg\u00e9ket. Az emberek fenntarthat\u00f3 m\u00f3don \u00e9lnek ebben az eg\u00e9szs\u00e9ges \u00f6kosziszt\u00e9m\u00e1ban, legeltetnek a foly\u00f3k menti r\u00e9teken, soksz\u00edn\u0171 helyi gazdas\u00e1got m\u0171k\u00f6dtetnek \u00e9s meg\u00e9lik gazdag kultur\u00e1lis \u00f6r\u00f6ks\u00e9g\u00fcket. A v\u00edzi\u00f3nk: \u00c9l\u0151 foly\u00f3k a term\u00e9szet\u00e9rt \u00e9s az emberek\u00e9rt!<\/p>\n<p>[\/et_pb_text][\/et_pb_column][et_pb_column type=&#8221;1_2&#8243; _builder_version=&#8221;4.27.0&#8243; _module_preset=&#8221;default&#8221; background_color=&#8221;#7DAAAF&#8221; custom_padding=&#8221;40px|40px|40px|40px|false|false&#8221; global_colors_info=&#8221;{}&#8221;][et_pb_blurb title=&#8221;Let\u00f6lt\u00e9sek \u00e9s linkek&#8221; use_icon=&#8221;on&#8221; font_icon=&#8221;&#xe02b;||divi||400&#8243; icon_color=&#8221;#FFFFFF&#8221; icon_placement=&#8221;left&#8221; image_icon_width=&#8221;25px&#8221; content_max_width=&#8221;505px&#8221; _builder_version=&#8221;4.27.0&#8243; _module_preset=&#8221;default&#8221; header_text_color=&#8221;#FFFFFF&#8221; header_font_size=&#8221;35px&#8221; module_alignment=&#8221;left&#8221; custom_css_blurb_title=&#8221;margin-left:-20px;&#8221; global_colors_info=&#8221;{}&#8221;][\/et_pb_blurb][et_pb_text _builder_version=&#8221;4.27.0&#8243; _module_preset=&#8221;default&#8221; text_text_color=&#8221;#FFFFFF&#8221; text_font_size=&#8221;16px&#8221; text_line_height=&#8221;22px&#8221; link_font=&#8221;||||on|||#FFFFFF|&#8221; link_text_color=&#8221;#FFFFFF&#8221; header_2_text_color=&#8221;#FFFFFF&#8221; header_2_font_size=&#8221;35px&#8221; custom_margin=&#8221;||0px||false|false&#8221; custom_padding=&#8221;||0px||false|false&#8221; locked=&#8221;off&#8221; global_colors_info=&#8221;{}&#8221;]<\/p>\n<ul>\n<li>Inform\u00e1ci\u00f3k a bioszf\u00e9ra-rezerv\u00e1tumr\u00f3l (<a href=\"https:\/\/www.amazon-of-europe.com\/wp-content\/uploads\/2024\/10\/TBR_MDD_factsheet_EN.pdf\" target=\"_blank\" rel=\"noopener\">EN<\/a>)<\/li>\n<li>Miniszteri nyilatkozat a Mura\u2013Dr\u00e1va\u2013Duna Bioszf\u00e9ra Rezerv\u00e1tumr\u00f3l (<a href=\"https:\/\/www.tbpa.net\/docs\/agreements\/Declaration%20preparation%20creation%20TBR%20Mura%20Drava%20Danube.pdf\" target=\"_blank\" rel=\"noopener\">EN<\/a>)<\/li>\n<li><a href=\"https:\/\/www.amazon-of-europe.com\/wp-content\/uploads\/2024\/11\/FactsFigures_Graphic_HU.jpg\" target=\"_blank\" rel=\"noopener\">Infografika<\/a><\/li>\n<li><a href=\"https:\/\/termeszetvedelem.hu\/mura-drava-duna-bioszfera-rezervatum\/; https:\/\/www.ddnp.hu\/termeszetvedelem\/vedett_termeszeti_teruletek\/mura-drava-duna_unesco_bioszfera_rezervatum; \" target=\"_blank\" rel=\"noopener\">Tov\u00e1bbi inform\u00e1ci\u00f3k a bioszf\u00e9ra-rezerv\u00e1tumr\u00f3l<\/a><\/li>\n<\/ul>\n<p>[\/et_pb_text][\/et_pb_column][\/et_pb_row][\/et_pb_section]<\/p>\n","protected":false},"excerpt":{"rendered":"<p>A BIOSZF\u00c9RA-REZERV\u00c1TUM\u00c1ltal\u00e1nos inform\u00e1ci\u00f3k Az Ausztri\u00e1n, Szlov\u00e9ni\u00e1n, Horv\u00e1torsz\u00e1gon \u00e9s Magyarorsz\u00e1gon \u00e1tfoly\u00f3 Mura \u00e9s Dr\u00e1va a Duna csatlakoz\u00f3 szakasz\u00e1val egy\u00fctt Eur\u00f3pa egyik \u00f6kol\u00f3giailag legfontosabb v\u00edzrendszer\u00e9t alkotja: ezt nevezz\u00fck \u201eEur\u00f3pa Amazonas\u00e1nak\u201d. A h\u00e1rom foly\u00f3 700 kilom\u00e9ter hossz\u00fa \u201ez\u00f6ld folyos\u00f3t\u201d alkot, amely \u00f6t orsz\u00e1g mintegy egymilli\u00f3 hekt\u00e1rnyi term\u00e9szeti \u00e9s kultur\u00e1lis \u00e9rt\u00e9kekben kiemelked\u0151en gazdag ter\u00fcleteit k\u00f6ti \u00f6ssze, \u00e9s ez\u00e1ltal az [&hellip;]<\/p>\n","protected":false},"author":3,"featured_media":0,"parent":0,"menu_order":0,"comment_status":"closed","ping_status":"closed","template":"","meta":{"_et_pb_use_builder":"on","_et_pb_old_content":"","_et_gb_content_width":"","footnotes":""},"class_list":["post-4386","page","type-page","status-publish","hentry"],"yoast_head":"<!-- This site is optimized with the Yoast SEO plugin v24.2 - https:\/\/yoast.com\/wordpress\/plugins\/seo\/ -->\n<title>A bioszf\u00e9ra-rezerv\u00e1tum - Amazon of Europe<\/title>\n<meta name=\"robots\" content=\"index, follow, max-snippet:-1, max-image-preview:large, max-video-preview:-1\" \/>\n<link rel=\"canonical\" href=\"https:\/\/www.amazon-of-europe.com\/hu\/a-bioszfera-rezervatum\/\" \/>\n<meta property=\"og:locale\" content=\"hu_HU\" \/>\n<meta property=\"og:type\" content=\"article\" \/>\n<meta property=\"og:title\" content=\"A bioszf\u00e9ra-rezerv\u00e1tum - Amazon of Europe\" \/>\n<meta property=\"og:description\" content=\"A BIOSZF\u00c9RA-REZERV\u00c1TUM\u00c1ltal\u00e1nos inform\u00e1ci\u00f3k Az Ausztri\u00e1n, Szlov\u00e9ni\u00e1n, Horv\u00e1torsz\u00e1gon \u00e9s Magyarorsz\u00e1gon \u00e1tfoly\u00f3 Mura \u00e9s Dr\u00e1va a Duna csatlakoz\u00f3 szakasz\u00e1val egy\u00fctt Eur\u00f3pa egyik \u00f6kol\u00f3giailag legfontosabb v\u00edzrendszer\u00e9t alkotja: ezt nevezz\u00fck \u201eEur\u00f3pa Amazonas\u00e1nak\u201d. A h\u00e1rom foly\u00f3 700 kilom\u00e9ter hossz\u00fa \u201ez\u00f6ld folyos\u00f3t\u201d alkot, amely \u00f6t orsz\u00e1g mintegy egymilli\u00f3 hekt\u00e1rnyi term\u00e9szeti \u00e9s kultur\u00e1lis \u00e9rt\u00e9kekben kiemelked\u0151en gazdag ter\u00fcleteit k\u00f6ti \u00f6ssze, \u00e9s ez\u00e1ltal az [&hellip;]\" \/>\n<meta property=\"og:url\" content=\"https:\/\/www.amazon-of-europe.com\/hu\/a-bioszfera-rezervatum\/\" \/>\n<meta property=\"og:site_name\" content=\"Amazon of Europe\" \/>\n<meta property=\"article:publisher\" content=\"https:\/\/www.facebook.com\/AmazonOfEurope\" \/>\n<meta property=\"article:modified_time\" content=\"2026-04-29T14:57:09+00:00\" \/>\n<meta name=\"twitter:card\" content=\"summary_large_image\" \/>\n<meta name=\"twitter:label1\" content=\"Becs\u00fclt olvas\u00e1si id\u0151\" \/>\n\t<meta name=\"twitter:data1\" content=\"21 perc\" \/>\n<script type=\"application\/ld+json\" class=\"yoast-schema-graph\">{\"@context\":\"https:\/\/schema.org\",\"@graph\":[{\"@type\":\"WebPage\",\"@id\":\"https:\/\/www.amazon-of-europe.com\/hu\/a-bioszfera-rezervatum\/\",\"url\":\"https:\/\/www.amazon-of-europe.com\/hu\/a-bioszfera-rezervatum\/\",\"name\":\"A bioszf\u00e9ra-rezerv\u00e1tum - Amazon of Europe\",\"isPartOf\":{\"@id\":\"https:\/\/www.amazon-of-europe.com\/#website\"},\"datePublished\":\"2024-06-13T09:31:37+00:00\",\"dateModified\":\"2026-04-29T14:57:09+00:00\",\"breadcrumb\":{\"@id\":\"https:\/\/www.amazon-of-europe.com\/hu\/a-bioszfera-rezervatum\/#breadcrumb\"},\"inLanguage\":\"hu\",\"potentialAction\":[{\"@type\":\"ReadAction\",\"target\":[\"https:\/\/www.amazon-of-europe.com\/hu\/a-bioszfera-rezervatum\/\"]}]},{\"@type\":\"BreadcrumbList\",\"@id\":\"https:\/\/www.amazon-of-europe.com\/hu\/a-bioszfera-rezervatum\/#breadcrumb\",\"itemListElement\":[{\"@type\":\"ListItem\",\"position\":1,\"name\":\"Home\",\"item\":\"https:\/\/www.amazon-of-europe.com\/\"},{\"@type\":\"ListItem\",\"position\":2,\"name\":\"A bioszf\u00e9ra-rezerv\u00e1tum\"}]},{\"@type\":\"WebSite\",\"@id\":\"https:\/\/www.amazon-of-europe.com\/#website\",\"url\":\"https:\/\/www.amazon-of-europe.com\/\",\"name\":\"Amazon of Europe\",\"description\":\"WWF Austria\",\"publisher\":{\"@id\":\"https:\/\/www.amazon-of-europe.com\/#organization\"},\"potentialAction\":[{\"@type\":\"SearchAction\",\"target\":{\"@type\":\"EntryPoint\",\"urlTemplate\":\"https:\/\/www.amazon-of-europe.com\/?s={search_term_string}\"},\"query-input\":{\"@type\":\"PropertyValueSpecification\",\"valueRequired\":true,\"valueName\":\"search_term_string\"}}],\"inLanguage\":\"hu\"},{\"@type\":\"Organization\",\"@id\":\"https:\/\/www.amazon-of-europe.com\/#organization\",\"name\":\"Amazon of Europe\",\"url\":\"https:\/\/www.amazon-of-europe.com\/\",\"logo\":{\"@type\":\"ImageObject\",\"inLanguage\":\"hu\",\"@id\":\"https:\/\/www.amazon-of-europe.com\/#\/schema\/logo\/image\/\",\"url\":\"https:\/\/www.amazon-of-europe.com\/wp-content\/uploads\/2024\/09\/AOE_Logo.jpg\",\"contentUrl\":\"https:\/\/www.amazon-of-europe.com\/wp-content\/uploads\/2024\/09\/AOE_Logo.jpg\",\"width\":900,\"height\":384,\"caption\":\"Amazon of Europe\"},\"image\":{\"@id\":\"https:\/\/www.amazon-of-europe.com\/#\/schema\/logo\/image\/\"},\"sameAs\":[\"https:\/\/www.facebook.com\/AmazonOfEurope\"]}]}<\/script>\n<!-- \/ Yoast SEO plugin. -->","yoast_head_json":{"title":"A bioszf\u00e9ra-rezerv\u00e1tum - Amazon of Europe","robots":{"index":"index","follow":"follow","max-snippet":"max-snippet:-1","max-image-preview":"max-image-preview:large","max-video-preview":"max-video-preview:-1"},"canonical":"https:\/\/www.amazon-of-europe.com\/hu\/a-bioszfera-rezervatum\/","og_locale":"hu_HU","og_type":"article","og_title":"A bioszf\u00e9ra-rezerv\u00e1tum - Amazon of Europe","og_description":"A BIOSZF\u00c9RA-REZERV\u00c1TUM\u00c1ltal\u00e1nos inform\u00e1ci\u00f3k Az Ausztri\u00e1n, Szlov\u00e9ni\u00e1n, Horv\u00e1torsz\u00e1gon \u00e9s Magyarorsz\u00e1gon \u00e1tfoly\u00f3 Mura \u00e9s Dr\u00e1va a Duna csatlakoz\u00f3 szakasz\u00e1val egy\u00fctt Eur\u00f3pa egyik \u00f6kol\u00f3giailag legfontosabb v\u00edzrendszer\u00e9t alkotja: ezt nevezz\u00fck \u201eEur\u00f3pa Amazonas\u00e1nak\u201d. A h\u00e1rom foly\u00f3 700 kilom\u00e9ter hossz\u00fa \u201ez\u00f6ld folyos\u00f3t\u201d alkot, amely \u00f6t orsz\u00e1g mintegy egymilli\u00f3 hekt\u00e1rnyi term\u00e9szeti \u00e9s kultur\u00e1lis \u00e9rt\u00e9kekben kiemelked\u0151en gazdag ter\u00fcleteit k\u00f6ti \u00f6ssze, \u00e9s ez\u00e1ltal az [&hellip;]","og_url":"https:\/\/www.amazon-of-europe.com\/hu\/a-bioszfera-rezervatum\/","og_site_name":"Amazon of Europe","article_publisher":"https:\/\/www.facebook.com\/AmazonOfEurope","article_modified_time":"2026-04-29T14:57:09+00:00","twitter_card":"summary_large_image","twitter_misc":{"Becs\u00fclt olvas\u00e1si id\u0151":"21 perc"},"schema":{"@context":"https:\/\/schema.org","@graph":[{"@type":"WebPage","@id":"https:\/\/www.amazon-of-europe.com\/hu\/a-bioszfera-rezervatum\/","url":"https:\/\/www.amazon-of-europe.com\/hu\/a-bioszfera-rezervatum\/","name":"A bioszf\u00e9ra-rezerv\u00e1tum - Amazon of Europe","isPartOf":{"@id":"https:\/\/www.amazon-of-europe.com\/#website"},"datePublished":"2024-06-13T09:31:37+00:00","dateModified":"2026-04-29T14:57:09+00:00","breadcrumb":{"@id":"https:\/\/www.amazon-of-europe.com\/hu\/a-bioszfera-rezervatum\/#breadcrumb"},"inLanguage":"hu","potentialAction":[{"@type":"ReadAction","target":["https:\/\/www.amazon-of-europe.com\/hu\/a-bioszfera-rezervatum\/"]}]},{"@type":"BreadcrumbList","@id":"https:\/\/www.amazon-of-europe.com\/hu\/a-bioszfera-rezervatum\/#breadcrumb","itemListElement":[{"@type":"ListItem","position":1,"name":"Home","item":"https:\/\/www.amazon-of-europe.com\/"},{"@type":"ListItem","position":2,"name":"A bioszf\u00e9ra-rezerv\u00e1tum"}]},{"@type":"WebSite","@id":"https:\/\/www.amazon-of-europe.com\/#website","url":"https:\/\/www.amazon-of-europe.com\/","name":"Amazon of Europe","description":"WWF Austria","publisher":{"@id":"https:\/\/www.amazon-of-europe.com\/#organization"},"potentialAction":[{"@type":"SearchAction","target":{"@type":"EntryPoint","urlTemplate":"https:\/\/www.amazon-of-europe.com\/?s={search_term_string}"},"query-input":{"@type":"PropertyValueSpecification","valueRequired":true,"valueName":"search_term_string"}}],"inLanguage":"hu"},{"@type":"Organization","@id":"https:\/\/www.amazon-of-europe.com\/#organization","name":"Amazon of Europe","url":"https:\/\/www.amazon-of-europe.com\/","logo":{"@type":"ImageObject","inLanguage":"hu","@id":"https:\/\/www.amazon-of-europe.com\/#\/schema\/logo\/image\/","url":"https:\/\/www.amazon-of-europe.com\/wp-content\/uploads\/2024\/09\/AOE_Logo.jpg","contentUrl":"https:\/\/www.amazon-of-europe.com\/wp-content\/uploads\/2024\/09\/AOE_Logo.jpg","width":900,"height":384,"caption":"Amazon of Europe"},"image":{"@id":"https:\/\/www.amazon-of-europe.com\/#\/schema\/logo\/image\/"},"sameAs":["https:\/\/www.facebook.com\/AmazonOfEurope"]}]}},"_links":{"self":[{"href":"https:\/\/www.amazon-of-europe.com\/hu\/wp-json\/wp\/v2\/pages\/4386","targetHints":{"allow":["GET"]}}],"collection":[{"href":"https:\/\/www.amazon-of-europe.com\/hu\/wp-json\/wp\/v2\/pages"}],"about":[{"href":"https:\/\/www.amazon-of-europe.com\/hu\/wp-json\/wp\/v2\/types\/page"}],"author":[{"embeddable":true,"href":"https:\/\/www.amazon-of-europe.com\/hu\/wp-json\/wp\/v2\/users\/3"}],"replies":[{"embeddable":true,"href":"https:\/\/www.amazon-of-europe.com\/hu\/wp-json\/wp\/v2\/comments?post=4386"}],"version-history":[{"count":7,"href":"https:\/\/www.amazon-of-europe.com\/hu\/wp-json\/wp\/v2\/pages\/4386\/revisions"}],"predecessor-version":[{"id":9814,"href":"https:\/\/www.amazon-of-europe.com\/hu\/wp-json\/wp\/v2\/pages\/4386\/revisions\/9814"}],"wp:attachment":[{"href":"https:\/\/www.amazon-of-europe.com\/hu\/wp-json\/wp\/v2\/media?parent=4386"}],"curies":[{"name":"wp","href":"https:\/\/api.w.org\/{rel}","templated":true}]}}