{"id":4389,"date":"2024-08-31T13:43:44","date_gmt":"2024-08-31T13:43:44","guid":{"rendered":"https:\/\/www.amazon-of-europe.com\/five-countries-biosphere-reserve\/restoration\/"},"modified":"2025-05-14T12:42:56","modified_gmt":"2025-05-14T12:42:56","slug":"helyreallitas","status":"publish","type":"page","link":"https:\/\/www.amazon-of-europe.com\/hu\/a-bioszfera-rezervatum\/helyreallitas\/","title":{"rendered":"Helyre\u00e1ll\u00edt\u00e1s"},"content":{"rendered":"<p>[et_pb_section fb_built=&#8221;1&#8243; _builder_version=&#8221;4.27.0&#8243; _module_preset=&#8221;default&#8221; background_color=&#8221;#A5BE8A&#8221; custom_margin=&#8221;0px||0px||false|false&#8221; custom_padding=&#8221;25px||10px||false|false&#8221; top_divider_color=&#8221;#7DAAAF&#8221; top_divider_height=&#8221;18px&#8221; top_divider_repeat=&#8221;25x&#8221; top_divider_height_tablet=&#8221;16px&#8221; top_divider_height_phone=&#8221;10px&#8221; top_divider_height_last_edited=&#8221;on|desktop&#8221; top_divider_repeat_tablet=&#8221;16x&#8221; top_divider_repeat_phone=&#8221;10x&#8221; top_divider_repeat_last_edited=&#8221;on|phone&#8221; bottom_divider_color=&#8221;#7DAAAF&#8221; bottom_divider_height=&#8221;25px&#8221; bottom_divider_repeat=&#8221;25x&#8221; bottom_divider_height_tablet=&#8221;16px&#8221; bottom_divider_height_phone=&#8221;10px&#8221; bottom_divider_height_last_edited=&#8221;on|phone&#8221; bottom_divider_repeat_tablet=&#8221;16x&#8221; bottom_divider_repeat_phone=&#8221;10x&#8221; bottom_divider_repeat_last_edited=&#8221;on|phone&#8221; border_color_top=&#8221;#d8e5e7&#8243; border_color_bottom=&#8221;#A5BE8A&#8221; locked=&#8221;off&#8221; global_colors_info=&#8221;{}&#8221;][et_pb_row _builder_version=&#8221;4.27.0&#8243; _module_preset=&#8221;default&#8221; width=&#8221;65%&#8221; width_tablet=&#8221;80%&#8221; width_phone=&#8221;80%&#8221; width_last_edited=&#8221;on|tablet&#8221; max_width=&#8221;900px&#8221; custom_margin=&#8221;0px||0px||false|false&#8221; custom_padding=&#8221;0px||0px||false|false&#8221; global_colors_info=&#8221;{}&#8221;][et_pb_column type=&#8221;4_4&#8243; _builder_version=&#8221;4.27.0&#8243; _module_preset=&#8221;default&#8221; global_colors_info=&#8221;{}&#8221;][et_pb_text _builder_version=&#8221;4.27.0&#8243; _module_preset=&#8221;default&#8221; header_text_color=&#8221;#FFFFFF&#8221; header_font_size=&#8221;45px&#8221; custom_margin=&#8221;0px||0px||false|false&#8221; custom_padding=&#8221;0px||0px||false|false&#8221; global_colors_info=&#8221;{}&#8221;]<\/p>\n<h1>\u00c9l\u0151hely-helyre\u00e1ll\u00edt\u00e1s<\/h1>\n<p>[\/et_pb_text][\/et_pb_column][\/et_pb_row][\/et_pb_section][et_pb_section fb_built=&#8221;1&#8243; _builder_version=&#8221;4.27.0&#8243; _module_preset=&#8221;default&#8221; custom_margin=&#8221;0px||0px||false|false&#8221; custom_padding=&#8221;0px||0px||false|false&#8221; global_colors_info=&#8221;{}&#8221;][et_pb_row _builder_version=&#8221;4.27.0&#8243; _module_preset=&#8221;default&#8221; width=&#8221;65%&#8221; width_tablet=&#8221;80%&#8221; width_phone=&#8221;80%&#8221; width_last_edited=&#8221;on|tablet&#8221; max_width=&#8221;900px&#8221; custom_margin=&#8221;0px||||false|false&#8221; custom_padding=&#8221;15px||0px||false|false&#8221; global_colors_info=&#8221;{}&#8221;][et_pb_column type=&#8221;4_4&#8243; _builder_version=&#8221;4.25.2&#8243; _module_preset=&#8221;default&#8221; global_colors_info=&#8221;{}&#8221;][et_pb_text _builder_version=&#8221;4.27.0&#8243; _module_preset=&#8221;default&#8221; text_font_size=&#8221;16px&#8221; text_line_height=&#8221;22px&#8221; header_2_text_color=&#8221;#7DAAAF&#8221; header_2_font_size=&#8221;35px&#8221; global_colors_info=&#8221;{}&#8221;]<\/p>\n<p>Az UNESCO \u00f6t orsz\u00e1gra kiterjed\u0151 Mura\u2013Dr\u00e1va\u2013Duna Bioszf\u00e9ra-rezerv\u00e1tum\u00a0 ter\u00fclet\u00e9n tev\u00e9kenyked\u0151 partnerek \u00e9s t\u00e1mogat\u00f3k kiterjedt h\u00e1l\u00f3zata az itt foly\u00f3 \u00e9l\u0151hely-helyre\u00e1ll\u00edt\u00e1si projektek megval\u00f3s\u00edt\u00e1s\u00e1val akt\u00edvan j\u00e1rul hozz\u00e1 a leromlott ter\u00fcletek \u00e1llapot\u00e1nak jav\u00edt\u00e1s\u00e1hoz. Ezeknek az er\u0151fesz\u00edt\u00e9sek a c\u00e9lja a foly\u00f3k \u00e9s \u00e1rter\u00fck term\u00e9szetes dinamik\u00e1j\u00e1nak helyre\u00e1ll\u00edt\u00e1sa, a biol\u00f3giai sokf\u00e9les\u00e9g \u00e9s az \u00f6kosziszt\u00e9ma rendszereinek a jav\u00edt\u00e1sa.<\/p>\n<p>Helyre\u00e1ll\u00edt\u00e1si tev\u00e9kenys\u00e9g\u00fcnk legfontosabb eszk\u00f6zei:<\/p>\n<ul>\n<li><strong>Leromlott \u00e1llapot\u00fa foly\u00f3szakaszok helyre\u00e1ll\u00edt\u00e1sa:<\/strong> Folyamatban vannak a kor\u00e1bbi szab\u00e1lyoz\u00e1s \u00e9s m\u00e1s k\u00e1ros m\u00f3dszerek \u00e1ltal \u00e9rintett foly\u00f3szakaszok helyre\u00e1ll\u00edt\u00e1s\u00e1ra ir\u00e1nyul\u00f3 projektek, melyek keret\u00e9ben visszacsatolunk mell\u00e9k\u00e1gakat \u00e9s holt\u00e1gakat \u00e9s sz\u00e9les\u00edtj\u00fck a foly\u00f3k medr\u00e9t.<\/li>\n<li><strong>\u00c1rter\u00fcletek helyre\u00e1ll\u00edt\u00e1sa:<\/strong> T\u00f6reksz\u00fcnk a foly\u00f3k \u00e9s \u00e1rtereik \u00fajb\u00f3li \u00f6sszekapcsol\u00e1s\u00e1ra, a term\u00e9szetes foly\u00f3dinamika \u00e9s az \u00e9l\u0151helyek helyre\u00e1ll\u00edt\u00e1s\u00e1ra, ennek sor\u00e1n inv\u00e1zi\u00f3s fajokat elt\u00e1vol\u00edt\u00e1s\u00e1t v\u00e9gezz\u00fck \u00e9s a telep\u00edtett nemesny\u00e1r-\u00fcltetv\u00e9nyeket term\u00e9szetes fafaj\u00fa \u00e9s ellen\u00e1ll\u00f3 \u00e1rt\u00e9ri erd\u0151kre cser\u00e9lj\u00fck.<\/li>\n<li><strong>Tudatoss\u00e1g er\u0151s\u00edt\u00e9se \u00e9s oktat\u00e1s: <\/strong>Term\u00e9szetv\u00e9delmi munk\u00e1inkat kiterjedt lakoss\u00e1gi kommunik\u00e1ci\u00f3 \u00e9s k\u00f6rnyezeti nevel\u00e9s eg\u00e9sz\u00edti ki. Ezek keret\u00e9ben t\u00e1j\u00e9koztatjuk az embereket a foly\u00f3k rendk\u00edv\u00fcli fontoss\u00e1g\u00e1r\u00f3l \u00e9s v\u00e9delm\u00fck kiemelt sz\u00fcks\u00e9gess\u00e9g\u00e9r\u0151l. A nyilv\u00e1noss\u00e1g bevon\u00e1s\u00e1val c\u00e9lunk, hogy egyar\u00e1nt form\u00e1ljuk a k\u00f6z\u00f6ss\u00e9g szeml\u00e9let\u00e9t \u00e9s a politikai d\u00f6nt\u00e9seket, \u00edgy el\u0151seg\u00edtve a foly\u00f3k v\u00e9delme ir\u00e1nti kollekt\u00edv elk\u00f6telezetts\u00e9get.<\/li>\n<li><strong>Fenntarthat\u00f3 tev\u00e9kenys\u00e9gek: <\/strong>T\u00e1mogatjuk a r\u00e9gi\u00f3ban fenntarthat\u00f3 gazdas\u00e1gi tev\u00e9kenys\u00e9geket, mint az \u00f6koturizmus \u00e9s a biogazd\u00e1lkod\u00e1s. A c\u00e9l a term\u00e9szetv\u00e9delem \u00e9s az emberi tev\u00e9kenys\u00e9gek k\u00f6z\u00f6tti harmonikus egyens\u00faly megteremt\u00e9se, amely biztos\u00edtja az \u00f6kosziszt\u00e9ma hossz\u00fa t\u00e1v\u00fa eg\u00e9szs\u00e9g\u00e9t \u00e9s k\u00f6zben seg\u00edti a helyi k\u00f6z\u00f6ss\u00e9geket.<\/li>\n<\/ul>\n<p>A WWF \u00e9s partnerei a kiterjedt \u00e9l\u0151hely-helyre\u00e1ll\u00edt\u00e1si tev\u00e9kenys\u00e9gekkel az \u201e\u00c9l\u0151 foly\u00f3k a term\u00e9szet\u00e9rt \u00e9s az emberek\u00e9rt\u201d j\u00f6v\u0151k\u00e9p megval\u00f3s\u00edt\u00e1s\u00e1n dolgoznak, amelynek c\u00e9lja a dinamikus, v\u00e1ltozatos \u00e9l\u0151helyekkel k\u00eds\u00e9rt \u00e9s gazdag \u00e9l\u0151vil\u00e1g\u00fa foly\u00f3kb\u00f3l \u00e1ll\u00f3 t\u00e1j helyre\u00e1ll\u00edt\u00e1sa \u00e9s az \u00f6sszhang megteremt\u00e9se fenntarthat\u00f3 emberi tev\u00e9kenys\u00e9gekkel.<\/p>\n<p>[\/et_pb_text][\/et_pb_column][\/et_pb_row][et_pb_row column_structure=&#8221;1_2,1_2&#8243; use_custom_gutter=&#8221;on&#8221; gutter_width=&#8221;2&#8243; _builder_version=&#8221;4.27.0&#8243; _module_preset=&#8221;default&#8221; width=&#8221;65%&#8221; width_tablet=&#8221;80%&#8221; width_phone=&#8221;80%&#8221; width_last_edited=&#8221;on|tablet&#8221; max_width=&#8221;900px&#8221; custom_margin=&#8221;25px||||false|false&#8221; custom_padding=&#8221;0px||||false|false&#8221; global_colors_info=&#8221;{}&#8221;][et_pb_column type=&#8221;1_2&#8243; _builder_version=&#8221;4.25.2&#8243; _module_preset=&#8221;default&#8221; global_colors_info=&#8221;{}&#8221;][et_pb_text _builder_version=&#8221;4.27.0&#8243; _module_preset=&#8221;default&#8221; text_font_size=&#8221;16px&#8221; text_line_height=&#8221;22px&#8221; header_2_text_color=&#8221;#7DAAAF&#8221; global_colors_info=&#8221;{}&#8221;]<\/p>\n<p>Ha szeretn\u00e9 k\u00f6zelebbr\u0151l megvizsg\u00e1lni a bioszf\u00e9ra-rezerv\u00e1tum \u00e9l\u0151hely-helyre\u00e1ll\u00edt\u00e1si m\u00f3djait, tekintse meg a \u201eFoly\u00f3 \u00e9s \u00e1rterek helyre\u00e1ll\u00edt\u00e1si lehet\u0151s\u00e9geinek \u00e9rt\u00e9kel\u00e9se a Mura\u2013Dr\u00e1va\u2013Duna Bioszf\u00e9ra-rezerv\u00e1tumban\u201d c\u00edm\u0171 tanulm\u00e1nyunkat. Ez az elemz\u00e9s 725 km foly\u00f3t \u00e9s a kapcsol\u00f3d\u00f3 \u00e1rtereket vizsg\u00e1lja \u00e9s \u00f6kol\u00f3giai fejleszt\u00e9si lehet\u0151s\u00e9gekre mutat r\u00e1. A tanulm\u00e1ny 74 kiemelt helyre\u00e1ll\u00edt\u00e1si ter\u00fcletet hat\u00e1roz meg, amelyek t\u00f6bb mint 165 000 hekt\u00e1rnyi kor\u00e1bbi \u00e1rteret foglalnak magukban, melyeket \u00fajra \u00f6ssze lehetne kapcsolni a foly\u00f3val, valamint 652 km foly\u00f3partot, amelyeknek a jelenlegin\u00e9l\u00a0 term\u00e9szetesebb \u00e1llapota volna el\u00e9rhet\u0151.<\/p>\n<p>Ha a gyakorlati oldalr\u00f3l szeretn\u00e9 megismerni, hogyan val\u00f3sulnak meg ezek a lehet\u0151s\u00e9gek, tekintse meg a Mura\u2013Dr\u00e1va\u2013Duna Bioszf\u00e9ra Rezerv\u00e1tumon bel\u00fcl folyamatban l\u00e9v\u0151 helyre\u00e1ll\u00edt\u00e1si projektjeinket.<\/p>\n<p>[\/et_pb_text][\/et_pb_column][et_pb_column type=&#8221;1_2&#8243; _builder_version=&#8221;4.27.0&#8243; _module_preset=&#8221;default&#8221; background_color=&#8221;#7DAAAF&#8221; custom_padding=&#8221;40px|40px|40px|40px|false|false&#8221; global_colors_info=&#8221;{}&#8221;][et_pb_blurb title=&#8221;Downloads&#8221; use_icon=&#8221;on&#8221; font_icon=&#8221;&#xf019;||fa||900&#8243; icon_color=&#8221;#FFFFFF&#8221; icon_placement=&#8221;left&#8221; image_icon_width=&#8221;25px&#8221; content_max_width=&#8221;505px&#8221; _builder_version=&#8221;4.27.0&#8243; _module_preset=&#8221;default&#8221; header_level=&#8221;h2&#8243; header_text_color=&#8221;#FFFFFF&#8221; header_font_size=&#8221;35px&#8221; module_alignment=&#8221;left&#8221; global_colors_info=&#8221;{}&#8221;][\/et_pb_blurb][et_pb_text _builder_version=&#8221;4.27.0&#8243; _module_preset=&#8221;default&#8221; text_text_color=&#8221;#FFFFFF&#8221; text_font_size=&#8221;16px&#8221; text_line_height=&#8221;22px&#8221; link_font=&#8221;||||on|||#FFFFFF|&#8221; link_text_color=&#8221;#FFFFFF&#8221; header_2_text_color=&#8221;#7DAAAF&#8221; hover_enabled=&#8221;0&#8243; global_colors_info=&#8221;{}&#8221; sticky_enabled=&#8221;0&#8243;]<\/p>\n<ul>\n<li><a href=\"https:\/\/www.amazon-of-europe.com\/wp-content\/uploads\/2024\/09\/mdd_restpot_05_02_2014web.pdf\" target=\"_blank\" rel=\"noopener\">Foly\u00f3k \u00e9s \u00e1rterek helyre\u00e1ll\u00edt\u00e1si lehet\u0151s\u00e9geinek \u00e9rt\u00e9kel\u00e9se a Mura\u2013Dr\u00e1va\u2013Duna Bioszf\u00e9ra Rezerv\u00e1tumban <\/a><\/li>\n<li>Inform\u00e1ci\u00f3k a helyre\u00e1ll\u00edt\u00e1s lehet\u0151s\u00e9geir\u0151l (<a href=\"https:\/\/www.amazon-of-europe.com\/wp-content\/uploads\/2024\/09\/river-floodplain-unesco-final-eng-web.pdf\" target=\"_blank\" rel=\"noopener\">EN<\/a> \/ <a href=\"https:\/\/www.amazon-of-europe.com\/wp-content\/uploads\/2024\/09\/river_floodplain_unesco_-_final_at_web1.pdf\" target=\"_blank\" rel=\"noopener\">DE<\/a> \/ <a href=\"https:\/\/www.amazon-of-europe.com\/wp-content\/uploads\/2024\/09\/river-floodplain-unesco-final-slo-web.pdf\" target=\"_blank\" rel=\"noopener\">SL<\/a> \/ <a href=\"https:\/\/www.amazon-of-europe.com\/wp-content\/uploads\/2024\/09\/river_floodplain_unesco_-_final_cro_web1.pdf\" target=\"_blank\" rel=\"noopener\">HR<\/a> \/ <a href=\"https:\/\/www.amazon-of-europe.com\/wp-content\/uploads\/2024\/09\/river-floodplain-unesco-final-hu-web.pdf\" target=\"_blank\" rel=\"noopener\">HU<\/a> \/ <a href=\"https:\/\/www.amazon-of-europe.com\/wp-content\/uploads\/2024\/09\/river-floodplain-unesco-final-srb-web.pdf\" target=\"_blank\" rel=\"noopener\">SR<\/a>)<\/li>\n<\/ul>\n<p>[\/et_pb_text][\/et_pb_column][\/et_pb_row][\/et_pb_section]<\/p>\n","protected":false},"excerpt":{"rendered":"<p>\u00c9l\u0151hely-helyre\u00e1ll\u00edt\u00e1sAz UNESCO \u00f6t orsz\u00e1gra kiterjed\u0151 Mura\u2013Dr\u00e1va\u2013Duna Bioszf\u00e9ra-rezerv\u00e1tum\u00a0 ter\u00fclet\u00e9n tev\u00e9kenyked\u0151 partnerek \u00e9s t\u00e1mogat\u00f3k kiterjedt h\u00e1l\u00f3zata az itt foly\u00f3 \u00e9l\u0151hely-helyre\u00e1ll\u00edt\u00e1si projektek megval\u00f3s\u00edt\u00e1s\u00e1val akt\u00edvan j\u00e1rul hozz\u00e1 a leromlott ter\u00fcletek \u00e1llapot\u00e1nak jav\u00edt\u00e1s\u00e1hoz. Ezeknek az er\u0151fesz\u00edt\u00e9sek a c\u00e9lja a foly\u00f3k \u00e9s \u00e1rter\u00fck term\u00e9szetes dinamik\u00e1j\u00e1nak helyre\u00e1ll\u00edt\u00e1sa, a biol\u00f3giai sokf\u00e9les\u00e9g \u00e9s az \u00f6kosziszt\u00e9ma rendszereinek a jav\u00edt\u00e1sa. Helyre\u00e1ll\u00edt\u00e1si tev\u00e9kenys\u00e9g\u00fcnk legfontosabb eszk\u00f6zei: Leromlott \u00e1llapot\u00fa [&hellip;]<\/p>\n","protected":false},"author":3,"featured_media":0,"parent":4386,"menu_order":0,"comment_status":"closed","ping_status":"closed","template":"","meta":{"_et_pb_use_builder":"on","_et_pb_old_content":"","_et_gb_content_width":"","footnotes":""},"class_list":["post-4389","page","type-page","status-publish","hentry"],"yoast_head":"<!-- This site is optimized with the Yoast SEO plugin v24.2 - https:\/\/yoast.com\/wordpress\/plugins\/seo\/ -->\n<title>Helyre\u00e1ll\u00edt\u00e1s - Amazon of Europe<\/title>\n<meta name=\"robots\" content=\"index, follow, max-snippet:-1, max-image-preview:large, max-video-preview:-1\" \/>\n<link rel=\"canonical\" href=\"https:\/\/www.amazon-of-europe.com\/hu\/a-bioszfera-rezervatum\/helyreallitas\/\" \/>\n<meta property=\"og:locale\" content=\"hu_HU\" \/>\n<meta property=\"og:type\" content=\"article\" \/>\n<meta property=\"og:title\" content=\"Helyre\u00e1ll\u00edt\u00e1s - Amazon of Europe\" \/>\n<meta property=\"og:description\" content=\"\u00c9l\u0151hely-helyre\u00e1ll\u00edt\u00e1sAz UNESCO \u00f6t orsz\u00e1gra kiterjed\u0151 Mura\u2013Dr\u00e1va\u2013Duna Bioszf\u00e9ra-rezerv\u00e1tum\u00a0 ter\u00fclet\u00e9n tev\u00e9kenyked\u0151 partnerek \u00e9s t\u00e1mogat\u00f3k kiterjedt h\u00e1l\u00f3zata az itt foly\u00f3 \u00e9l\u0151hely-helyre\u00e1ll\u00edt\u00e1si projektek megval\u00f3s\u00edt\u00e1s\u00e1val akt\u00edvan j\u00e1rul hozz\u00e1 a leromlott ter\u00fcletek \u00e1llapot\u00e1nak jav\u00edt\u00e1s\u00e1hoz. Ezeknek az er\u0151fesz\u00edt\u00e9sek a c\u00e9lja a foly\u00f3k \u00e9s \u00e1rter\u00fck term\u00e9szetes dinamik\u00e1j\u00e1nak helyre\u00e1ll\u00edt\u00e1sa, a biol\u00f3giai sokf\u00e9les\u00e9g \u00e9s az \u00f6kosziszt\u00e9ma rendszereinek a jav\u00edt\u00e1sa. Helyre\u00e1ll\u00edt\u00e1si tev\u00e9kenys\u00e9g\u00fcnk legfontosabb eszk\u00f6zei: Leromlott \u00e1llapot\u00fa [&hellip;]\" \/>\n<meta property=\"og:url\" content=\"https:\/\/www.amazon-of-europe.com\/hu\/a-bioszfera-rezervatum\/helyreallitas\/\" \/>\n<meta property=\"og:site_name\" content=\"Amazon of Europe\" \/>\n<meta property=\"article:publisher\" content=\"https:\/\/www.facebook.com\/AmazonOfEurope\" \/>\n<meta property=\"article:modified_time\" content=\"2025-05-14T12:42:56+00:00\" \/>\n<meta name=\"twitter:card\" content=\"summary_large_image\" \/>\n<meta name=\"twitter:label1\" content=\"Becs\u00fclt olvas\u00e1si id\u0151\" \/>\n\t<meta name=\"twitter:data1\" content=\"6 perc\" \/>\n<script type=\"application\/ld+json\" class=\"yoast-schema-graph\">{\"@context\":\"https:\/\/schema.org\",\"@graph\":[{\"@type\":\"WebPage\",\"@id\":\"https:\/\/www.amazon-of-europe.com\/hu\/a-bioszfera-rezervatum\/helyreallitas\/\",\"url\":\"https:\/\/www.amazon-of-europe.com\/hu\/a-bioszfera-rezervatum\/helyreallitas\/\",\"name\":\"Helyre\u00e1ll\u00edt\u00e1s - Amazon of Europe\",\"isPartOf\":{\"@id\":\"https:\/\/www.amazon-of-europe.com\/#website\"},\"datePublished\":\"2024-08-31T13:43:44+00:00\",\"dateModified\":\"2025-05-14T12:42:56+00:00\",\"breadcrumb\":{\"@id\":\"https:\/\/www.amazon-of-europe.com\/hu\/a-bioszfera-rezervatum\/helyreallitas\/#breadcrumb\"},\"inLanguage\":\"hu\",\"potentialAction\":[{\"@type\":\"ReadAction\",\"target\":[\"https:\/\/www.amazon-of-europe.com\/hu\/a-bioszfera-rezervatum\/helyreallitas\/\"]}]},{\"@type\":\"BreadcrumbList\",\"@id\":\"https:\/\/www.amazon-of-europe.com\/hu\/a-bioszfera-rezervatum\/helyreallitas\/#breadcrumb\",\"itemListElement\":[{\"@type\":\"ListItem\",\"position\":1,\"name\":\"Home\",\"item\":\"https:\/\/www.amazon-of-europe.com\/\"},{\"@type\":\"ListItem\",\"position\":2,\"name\":\"A bioszf\u00e9ra-rezerv\u00e1tum\",\"item\":\"https:\/\/www.amazon-of-europe.com\/hu\/a-bioszfera-rezervatum\/\"},{\"@type\":\"ListItem\",\"position\":3,\"name\":\"Helyre\u00e1ll\u00edt\u00e1s\"}]},{\"@type\":\"WebSite\",\"@id\":\"https:\/\/www.amazon-of-europe.com\/#website\",\"url\":\"https:\/\/www.amazon-of-europe.com\/\",\"name\":\"Amazon of Europe\",\"description\":\"WWF Austria\",\"publisher\":{\"@id\":\"https:\/\/www.amazon-of-europe.com\/#organization\"},\"potentialAction\":[{\"@type\":\"SearchAction\",\"target\":{\"@type\":\"EntryPoint\",\"urlTemplate\":\"https:\/\/www.amazon-of-europe.com\/?s={search_term_string}\"},\"query-input\":{\"@type\":\"PropertyValueSpecification\",\"valueRequired\":true,\"valueName\":\"search_term_string\"}}],\"inLanguage\":\"hu\"},{\"@type\":\"Organization\",\"@id\":\"https:\/\/www.amazon-of-europe.com\/#organization\",\"name\":\"Amazon of Europe\",\"url\":\"https:\/\/www.amazon-of-europe.com\/\",\"logo\":{\"@type\":\"ImageObject\",\"inLanguage\":\"hu\",\"@id\":\"https:\/\/www.amazon-of-europe.com\/#\/schema\/logo\/image\/\",\"url\":\"https:\/\/www.amazon-of-europe.com\/wp-content\/uploads\/2024\/09\/AOE_Logo.jpg\",\"contentUrl\":\"https:\/\/www.amazon-of-europe.com\/wp-content\/uploads\/2024\/09\/AOE_Logo.jpg\",\"width\":900,\"height\":384,\"caption\":\"Amazon of Europe\"},\"image\":{\"@id\":\"https:\/\/www.amazon-of-europe.com\/#\/schema\/logo\/image\/\"},\"sameAs\":[\"https:\/\/www.facebook.com\/AmazonOfEurope\"]}]}<\/script>\n<!-- \/ Yoast SEO plugin. -->","yoast_head_json":{"title":"Helyre\u00e1ll\u00edt\u00e1s - Amazon of Europe","robots":{"index":"index","follow":"follow","max-snippet":"max-snippet:-1","max-image-preview":"max-image-preview:large","max-video-preview":"max-video-preview:-1"},"canonical":"https:\/\/www.amazon-of-europe.com\/hu\/a-bioszfera-rezervatum\/helyreallitas\/","og_locale":"hu_HU","og_type":"article","og_title":"Helyre\u00e1ll\u00edt\u00e1s - Amazon of Europe","og_description":"\u00c9l\u0151hely-helyre\u00e1ll\u00edt\u00e1sAz UNESCO \u00f6t orsz\u00e1gra kiterjed\u0151 Mura\u2013Dr\u00e1va\u2013Duna Bioszf\u00e9ra-rezerv\u00e1tum\u00a0 ter\u00fclet\u00e9n tev\u00e9kenyked\u0151 partnerek \u00e9s t\u00e1mogat\u00f3k kiterjedt h\u00e1l\u00f3zata az itt foly\u00f3 \u00e9l\u0151hely-helyre\u00e1ll\u00edt\u00e1si projektek megval\u00f3s\u00edt\u00e1s\u00e1val akt\u00edvan j\u00e1rul hozz\u00e1 a leromlott ter\u00fcletek \u00e1llapot\u00e1nak jav\u00edt\u00e1s\u00e1hoz. Ezeknek az er\u0151fesz\u00edt\u00e9sek a c\u00e9lja a foly\u00f3k \u00e9s \u00e1rter\u00fck term\u00e9szetes dinamik\u00e1j\u00e1nak helyre\u00e1ll\u00edt\u00e1sa, a biol\u00f3giai sokf\u00e9les\u00e9g \u00e9s az \u00f6kosziszt\u00e9ma rendszereinek a jav\u00edt\u00e1sa. Helyre\u00e1ll\u00edt\u00e1si tev\u00e9kenys\u00e9g\u00fcnk legfontosabb eszk\u00f6zei: Leromlott \u00e1llapot\u00fa [&hellip;]","og_url":"https:\/\/www.amazon-of-europe.com\/hu\/a-bioszfera-rezervatum\/helyreallitas\/","og_site_name":"Amazon of Europe","article_publisher":"https:\/\/www.facebook.com\/AmazonOfEurope","article_modified_time":"2025-05-14T12:42:56+00:00","twitter_card":"summary_large_image","twitter_misc":{"Becs\u00fclt olvas\u00e1si id\u0151":"6 perc"},"schema":{"@context":"https:\/\/schema.org","@graph":[{"@type":"WebPage","@id":"https:\/\/www.amazon-of-europe.com\/hu\/a-bioszfera-rezervatum\/helyreallitas\/","url":"https:\/\/www.amazon-of-europe.com\/hu\/a-bioszfera-rezervatum\/helyreallitas\/","name":"Helyre\u00e1ll\u00edt\u00e1s - Amazon of Europe","isPartOf":{"@id":"https:\/\/www.amazon-of-europe.com\/#website"},"datePublished":"2024-08-31T13:43:44+00:00","dateModified":"2025-05-14T12:42:56+00:00","breadcrumb":{"@id":"https:\/\/www.amazon-of-europe.com\/hu\/a-bioszfera-rezervatum\/helyreallitas\/#breadcrumb"},"inLanguage":"hu","potentialAction":[{"@type":"ReadAction","target":["https:\/\/www.amazon-of-europe.com\/hu\/a-bioszfera-rezervatum\/helyreallitas\/"]}]},{"@type":"BreadcrumbList","@id":"https:\/\/www.amazon-of-europe.com\/hu\/a-bioszfera-rezervatum\/helyreallitas\/#breadcrumb","itemListElement":[{"@type":"ListItem","position":1,"name":"Home","item":"https:\/\/www.amazon-of-europe.com\/"},{"@type":"ListItem","position":2,"name":"A bioszf\u00e9ra-rezerv\u00e1tum","item":"https:\/\/www.amazon-of-europe.com\/hu\/a-bioszfera-rezervatum\/"},{"@type":"ListItem","position":3,"name":"Helyre\u00e1ll\u00edt\u00e1s"}]},{"@type":"WebSite","@id":"https:\/\/www.amazon-of-europe.com\/#website","url":"https:\/\/www.amazon-of-europe.com\/","name":"Amazon of Europe","description":"WWF Austria","publisher":{"@id":"https:\/\/www.amazon-of-europe.com\/#organization"},"potentialAction":[{"@type":"SearchAction","target":{"@type":"EntryPoint","urlTemplate":"https:\/\/www.amazon-of-europe.com\/?s={search_term_string}"},"query-input":{"@type":"PropertyValueSpecification","valueRequired":true,"valueName":"search_term_string"}}],"inLanguage":"hu"},{"@type":"Organization","@id":"https:\/\/www.amazon-of-europe.com\/#organization","name":"Amazon of Europe","url":"https:\/\/www.amazon-of-europe.com\/","logo":{"@type":"ImageObject","inLanguage":"hu","@id":"https:\/\/www.amazon-of-europe.com\/#\/schema\/logo\/image\/","url":"https:\/\/www.amazon-of-europe.com\/wp-content\/uploads\/2024\/09\/AOE_Logo.jpg","contentUrl":"https:\/\/www.amazon-of-europe.com\/wp-content\/uploads\/2024\/09\/AOE_Logo.jpg","width":900,"height":384,"caption":"Amazon of Europe"},"image":{"@id":"https:\/\/www.amazon-of-europe.com\/#\/schema\/logo\/image\/"},"sameAs":["https:\/\/www.facebook.com\/AmazonOfEurope"]}]}},"_links":{"self":[{"href":"https:\/\/www.amazon-of-europe.com\/hu\/wp-json\/wp\/v2\/pages\/4389","targetHints":{"allow":["GET"]}}],"collection":[{"href":"https:\/\/www.amazon-of-europe.com\/hu\/wp-json\/wp\/v2\/pages"}],"about":[{"href":"https:\/\/www.amazon-of-europe.com\/hu\/wp-json\/wp\/v2\/types\/page"}],"author":[{"embeddable":true,"href":"https:\/\/www.amazon-of-europe.com\/hu\/wp-json\/wp\/v2\/users\/3"}],"replies":[{"embeddable":true,"href":"https:\/\/www.amazon-of-europe.com\/hu\/wp-json\/wp\/v2\/comments?post=4389"}],"version-history":[{"count":4,"href":"https:\/\/www.amazon-of-europe.com\/hu\/wp-json\/wp\/v2\/pages\/4389\/revisions"}],"predecessor-version":[{"id":8098,"href":"https:\/\/www.amazon-of-europe.com\/hu\/wp-json\/wp\/v2\/pages\/4389\/revisions\/8098"}],"up":[{"embeddable":true,"href":"https:\/\/www.amazon-of-europe.com\/hu\/wp-json\/wp\/v2\/pages\/4386"}],"wp:attachment":[{"href":"https:\/\/www.amazon-of-europe.com\/hu\/wp-json\/wp\/v2\/media?parent=4389"}],"curies":[{"name":"wp","href":"https:\/\/api.w.org\/{rel}","templated":true}]}}