{"id":4055,"date":"2024-06-13T09:31:37","date_gmt":"2024-06-13T09:31:37","guid":{"rendered":"https:\/\/www.amazon-of-europe.com\/five-countries-biosphere-reserve\/"},"modified":"2026-04-29T14:55:28","modified_gmt":"2026-04-29T14:55:28","slug":"biosferno-obmocje","status":"publish","type":"page","link":"https:\/\/www.amazon-of-europe.com\/sl\/biosferno-obmocje\/","title":{"rendered":"Biosferno obmo\u010dje"},"content":{"rendered":"<p>[et_pb_section fb_built=&#8221;1&#8243; _builder_version=&#8221;4.27.0&#8243; _module_preset=&#8221;default&#8221; background_color=&#8221;#A5BE8A&#8221; custom_margin=&#8221;0px||0px||false|false&#8221; custom_padding=&#8221;25px||10px||false|false&#8221; top_divider_color=&#8221;#7DAAAF&#8221; top_divider_height=&#8221;18px&#8221; top_divider_repeat=&#8221;25x&#8221; top_divider_height_tablet=&#8221;16px&#8221; top_divider_height_phone=&#8221;10px&#8221; top_divider_height_last_edited=&#8221;on|desktop&#8221; top_divider_repeat_tablet=&#8221;16x&#8221; top_divider_repeat_phone=&#8221;10x&#8221; top_divider_repeat_last_edited=&#8221;on|phone&#8221; bottom_divider_color=&#8221;#7DAAAF&#8221; bottom_divider_height=&#8221;25px&#8221; bottom_divider_repeat=&#8221;25x&#8221; bottom_divider_height_tablet=&#8221;16px&#8221; bottom_divider_height_phone=&#8221;10px&#8221; bottom_divider_height_last_edited=&#8221;on|phone&#8221; bottom_divider_repeat_tablet=&#8221;16x&#8221; bottom_divider_repeat_phone=&#8221;10x&#8221; bottom_divider_repeat_last_edited=&#8221;on|phone&#8221; border_color_top=&#8221;#d8e5e7&#8243; border_color_bottom=&#8221;#A5BE8A&#8221; locked=&#8221;off&#8221; global_colors_info=&#8221;{}&#8221;][et_pb_row _builder_version=&#8221;4.27.0&#8243; _module_preset=&#8221;default&#8221; width=&#8221;65%&#8221; width_tablet=&#8221;80%&#8221; width_phone=&#8221;80%&#8221; width_last_edited=&#8221;on|tablet&#8221; max_width=&#8221;900px&#8221; custom_margin=&#8221;0px||0px||false|false&#8221; custom_padding=&#8221;0px||0px||false|false&#8221; global_colors_info=&#8221;{}&#8221;][et_pb_column type=&#8221;4_4&#8243; _builder_version=&#8221;4.27.0&#8243; _module_preset=&#8221;default&#8221; global_colors_info=&#8221;{}&#8221;][et_pb_text _builder_version=&#8221;4.27.0&#8243; _module_preset=&#8221;default&#8221; header_text_color=&#8221;#FFFFFF&#8221; header_font_size=&#8221;45px&#8221; custom_margin=&#8221;0px||0px||false|false&#8221; custom_padding=&#8221;0px||0px||false|false&#8221; global_colors_info=&#8221;{}&#8221;]<\/p>\n<h1>BIOSFERNO OBMO\u010cJE<\/h1>\n<p>[\/et_pb_text][\/et_pb_column][\/et_pb_row][\/et_pb_section][et_pb_section fb_built=&#8221;1&#8243; _builder_version=&#8221;4.27.0&#8243; _module_preset=&#8221;default&#8221; custom_margin=&#8221;0px||0px||false|false&#8221; custom_padding=&#8221;0px||0px||false|false&#8221; global_colors_info=&#8221;{}&#8221;][et_pb_row _builder_version=&#8221;4.27.0&#8243; _module_preset=&#8221;default&#8221; width=&#8221;65%&#8221; width_tablet=&#8221;80%&#8221; width_phone=&#8221;80%&#8221; width_last_edited=&#8221;on|tablet&#8221; max_width=&#8221;900px&#8221; custom_margin=&#8221;0px||||false|false&#8221; custom_padding=&#8221;15px||0px||false|false&#8221; global_colors_info=&#8221;{}&#8221;][et_pb_column type=&#8221;4_4&#8243; _builder_version=&#8221;4.25.2&#8243; _module_preset=&#8221;default&#8221; global_colors_info=&#8221;{}&#8221;][et_pb_text _builder_version=&#8221;4.27.0&#8243; _module_preset=&#8221;default&#8221; text_font_size=&#8221;16px&#8221; text_line_height=&#8221;22px&#8221; header_2_text_color=&#8221;#7DAAAF&#8221; header_2_font_size=&#8221;35px&#8221; global_colors_info=&#8221;{}&#8221;]<\/p>\n<h2>Splo\u0161ne informacije<\/h2>\n<p><span>Spodnji re\u010dni odseki Drave in Mure, skupaj s povezanimi odseki Donave, ki se raztezajo \u010dez Avstrijo, Slovenijo, Hrva\u0161ko in Srbijo tvorijo enega najpomembnej\u0161ih re\u010dnih ekosistemov v Evropi, tako imenovano \u2018Evropsko Amazonko&#8217;.<\/span><\/p>\n<p><span>Tri reke skupaj \u00a0tvorijo 700 kilometrov dolg \u00bbzeleni pas\u00ab, ki povezuje skoraj 1.000.000 hektarjev naravnih in kulturnih pokrajin z zelo visoko vrednostjo v vseh petih dr\u017eavah, zato so postale simbol enotnosti pri vzpostavitvi UNESCO 5-dr\u017eavnega Biosfernega obmo\u010dja Mura-Drava-Donava (TBR MDD).<\/span><\/p>\n<p><span>Kljub \u0161tevilnim spremembam, ki jih je v preteklosti povzro\u010dil \u010dlovek, je ta \u010dudovita re\u010dna pokrajina dom neverjetni biotski raznovrstnosti ter \u017eari\u0161\u010de redkih naravnih habitatov, kot so poplavni gozdovi, re\u010dni otoki, prodnate in pe\u0161\u010dene re\u010dne sipine, stranski rokavi in mrtvice. Ti habitati so dom najvi\u0161ji gostoti gnezde\u010dih parov belorepcev v celinski Evropi, kot tudi drugim ogro\u017eenim vrstam, kot so mala \u010digra, \u010drna \u0161torklja, bober in druge. Vsako leto za po\u010ditek in hranjenje te reke izbere ve\u010d kot 250.000 ptic med selitvijo.<\/span><\/p>\n<p><span>Te reke in poplavne ravnice so bogate z biotsko raznovrstnostjo, prav tako pa so klju\u010dnega pomena za lokalne skupnosti. Naravne reke in obse\u017ene poplavne ravnice zmanj\u0161ajo tveganje pred poplavami ter zagotavljajo ugodne pogoje za podtalnico in samo\u010di\u0161\u010denje vode, kar je klju\u010dno za pitno vodo, gozdove in kmetijstvo. Ljudjeu\u017eivajo tudi v rekreativnih dejavnostih ob rekah, kot so sprehajanje, plavanje in ribolov.<\/span><\/p>\n<p>[\/et_pb_text][\/et_pb_column][\/et_pb_row][\/et_pb_section][et_pb_section fb_built=&#8221;1&#8243; _builder_version=&#8221;4.27.0&#8243; _module_preset=&#8221;default&#8221; custom_margin=&#8221;0px||0px||false|false&#8221; custom_padding=&#8221;0px||0px||false|false&#8221; global_colors_info=&#8221;{}&#8221;][et_pb_row column_structure=&#8221;1_3,1_3,1_3&#8243; use_custom_gutter=&#8221;on&#8221; gutter_width=&#8221;1&#8243; make_equal=&#8221;on&#8221; _builder_version=&#8221;4.27.0&#8243; _module_preset=&#8221;default&#8221; min_height=&#8221;300px&#8221; locked=&#8221;off&#8221; global_colors_info=&#8221;{}&#8221;][et_pb_column type=&#8221;1_3&#8243; _builder_version=&#8221;4.27.0&#8243; _module_preset=&#8221;default&#8221; background_image=&#8221;https:\/\/www.amazon-of-europe.com\/wp-content\/uploads\/2024\/08\/Little-ringed-plover-c-G.Safarek_klein.jpg&#8221; custom_css_main_element=&#8221;width:40% !important;&#8221; global_colors_info=&#8221;{}&#8221; custom_css_main_element_last_edited=&#8221;on|tablet&#8221; custom_css_main_element_tablet=&#8221;-&#8221; custom_css_main_element_phone=&#8221;-&#8220;][et_pb_text _builder_version=&#8221;4.27.0&#8243; _module_preset=&#8221;default&#8221; min_height=&#8221;250px&#8221; global_colors_info=&#8221;{}&#8221;][\/et_pb_text][et_pb_is_image src=&#8221;https:\/\/www.amazon-of-europe.com\/wp-content\/uploads\/2024\/09\/Kopacki_Rit_Mario_Romulic-1.jpg&#8221; move_background=&#8221;column&#8221; has_bg_gradient=&#8221;off&#8221; alt=&#8221;TBR MDD Protection&#8221; title_text=&#8221;Kopacki_Rit_Mario_Romulic&#8221; _builder_version=&#8221;4.27.0&#8243; _module_preset=&#8221;default&#8221; copyright_text_align=&#8221;left&#8221; copyright_font_size=&#8221;14px&#8221; global_colors_info=&#8221;{}&#8221;][\/et_pb_is_image][\/et_pb_column][et_pb_column type=&#8221;1_3&#8243; _builder_version=&#8221;4.27.0&#8243; _module_preset=&#8221;default&#8221; background_color=&#8221;#FCEFDD&#8221; custom_css_main_element=&#8221;width:40% !important;&#8221; global_colors_info=&#8221;{}&#8221; custom_css_main_element_last_edited=&#8221;on|tablet&#8221; custom_css_main_element_tablet=&#8221;-&#8221; custom_css_main_element_phone=&#8221;-&#8220;][et_pb_text _builder_version=&#8221;4.27.0&#8243; _module_preset=&#8221;default&#8221; text_text_color=&#8221;#967D6A&#8221; text_font_size=&#8221;16px&#8221; text_line_height=&#8221;22px&#8221; header_2_text_color=&#8221;#967D6A&#8221; header_2_font_size=&#8221;35px&#8221; custom_padding=&#8221;40px|40px|40px|40px|false|false&#8221; link_option_url=&#8221;https:\/\/www.amazon-of-europe.com\/sl\/biosferno-obmocje\/varovanje\/&#8221; global_colors_info=&#8221;{}&#8221;]<\/p>\n<h2>varovanje<\/h2>\n<p>Biosferno obmo\u010dje TBR MDD je inovativna iniciativa obse\u017enega \u010dezmejnega sodelovanjaza ohranjanje biotske raznovrstnosti, ki prikazuje mo\u010d mednarodnega sodelovanja pod pokroviteljstvom UNESCA. Kot prvo 5-dr\u017eavno biosferno obmo\u010dje uporablja inovativne strategije za varovanje bogatih ekosistemov. Usklajuje upravljanje 12 ve\u010djih varovanih obmo\u010dij ob teh ikoni\u010dnih evropskih rekah in skrbi za ravnovesje pri ohranjanju s trajnostnim regionalnim razvojem.<\/p>\n<p>[\/et_pb_text][\/et_pb_column][et_pb_column type=&#8221;1_3&#8243; _builder_version=&#8221;4.27.0&#8243; _module_preset=&#8221;default&#8221; custom_css_main_element=&#8221;width:20% !important;&#8221; global_colors_info=&#8221;{}&#8221; custom_css_main_element_last_edited=&#8221;on|tablet&#8221; custom_css_main_element_tablet=&#8221;-&#8221; custom_css_main_element_phone=&#8221;-&#8220;][et_pb_button button_url=&#8221;https:\/\/www.amazon-of-europe.com\/sl\/biosferno-obmocje\/varovanje\/&#8221; button_text=&#8221;\u2192&#8221; button_alignment=&#8221;center&#8221; _builder_version=&#8221;4.27.0&#8243; _module_preset=&#8221;default&#8221; custom_button=&#8221;on&#8221; button_text_size=&#8221;32px&#8221; button_border_radius=&#8221;60px&#8221; button_use_icon=&#8221;off&#8221; custom_margin=&#8221;150px||||false|false&#8221; custom_margin_tablet=&#8221;0px||||false|false&#8221; custom_margin_phone=&#8221;20px||||false|false&#8221; custom_margin_last_edited=&#8221;on|desktop&#8221; custom_padding=&#8221;15px|30px|15px|30px|false|false&#8221; global_colors_info=&#8221;{}&#8221;][\/et_pb_button][\/et_pb_column][\/et_pb_row][et_pb_row column_structure=&#8221;1_3,1_3,1_3&#8243; use_custom_gutter=&#8221;on&#8221; gutter_width=&#8221;1&#8243; make_equal=&#8221;on&#8221; _builder_version=&#8221;4.27.0&#8243; _module_preset=&#8221;default&#8221; min_height=&#8221;300px&#8221; locked=&#8221;off&#8221; global_colors_info=&#8221;{}&#8221;][et_pb_column type=&#8221;1_3&#8243; _builder_version=&#8221;4.27.0&#8243; _module_preset=&#8221;default&#8221; custom_css_main_element=&#8221;width:20% !important;&#8221; global_colors_info=&#8221;{}&#8221; custom_css_main_element_last_edited=&#8221;on|tablet&#8221; custom_css_main_element_tablet=&#8221;-&#8221; custom_css_main_element_phone=&#8221;-&#8220;][et_pb_button button_url=&#8221;https:\/\/www.amazon-of-europe.com\/sl\/biosferno-obmocje\/groznje\/&#8221; button_text=&#8221;\u2192&#8221; button_alignment=&#8221;center&#8221; disabled_on=&#8221;on|on|off&#8221; _builder_version=&#8221;4.27.0&#8243; _module_preset=&#8221;default&#8221; custom_button=&#8221;on&#8221; button_text_size=&#8221;32px&#8221; button_border_radius=&#8221;60px&#8221; button_use_icon=&#8221;off&#8221; custom_margin=&#8221;150px||||false|false&#8221; custom_margin_tablet=&#8221;0px||||false|false&#8221; custom_margin_phone=&#8221;20px||||false|false&#8221; custom_margin_last_edited=&#8221;on|desktop&#8221; custom_padding=&#8221;15px|30px|15px|30px|false|false&#8221; global_colors_info=&#8221;{}&#8221;][\/et_pb_button][\/et_pb_column][et_pb_column type=&#8221;1_3&#8243; _builder_version=&#8221;4.27.0&#8243; _module_preset=&#8221;default&#8221; background_color=&#8221;#FCEFDD&#8221; custom_css_main_element=&#8221;width:40% !important;&#8221; global_colors_info=&#8221;{}&#8221; custom_css_main_element_last_edited=&#8221;on|tablet&#8221; custom_css_main_element_tablet=&#8221;-&#8221; custom_css_main_element_phone=&#8221;-&#8220;][et_pb_text _builder_version=&#8221;4.27.0&#8243; _module_preset=&#8221;default&#8221; text_text_color=&#8221;#967D6A&#8221; text_font_size=&#8221;16px&#8221; text_line_height=&#8221;22px&#8221; header_2_text_color=&#8221;#967D6A&#8221; header_2_font_size=&#8221;35px&#8221; custom_padding=&#8221;40px|40px|40px|40px|false|false&#8221; link_option_url=&#8221;https:\/\/www.amazon-of-europe.com\/sl\/biosferno-obmocje\/groznje\/&#8221; global_colors_info=&#8221;{}&#8221;]<\/p>\n<h2>Gro\u017enje<\/h2>\n<p>Kljub varovanemu statusu se TBR MDD spopada s \u0161tevilnimi izzivi, ki ogro\u017eajo njegovo ekolo\u0161ko integriteto. Rekam grozijo razne \u010dlove\u0161ke dejavnosti in zastarele prakse upravljanja. Ogro\u017eene so zaradi regulacije rek v preteklosti, izrabe sedimentov, jezov hidroelektrarn v zgornjih tokovih ter intenziviranja gozdarstva in kmetijstva. Razumevanje teh gro\u017eenj je klju\u010dnega pomena za razvoj u\u010dinkovitih strategij ohranjanja ter zagotavljanja dolgoro\u010dnega pre\u017eivetja tega unikatnega re\u010dnega ekosistema.[\/et_pb_text][\/et_pb_column][et_pb_column type=&#8221;1_3&#8243; _builder_version=&#8221;4.27.0&#8243; _module_preset=&#8221;default&#8221; background_image=&#8221;https:\/\/www.amazon-of-europe.com\/wp-content\/uploads\/2024\/08\/Little-ringed-plover-c-G.Safarek_klein.jpg&#8221; custom_css_main_element=&#8221;width:40% !important;&#8221; global_colors_info=&#8221;{}&#8221; custom_css_main_element_last_edited=&#8221;on|tablet&#8221; custom_css_main_element_tablet=&#8221;-&#8221; custom_css_main_element_phone=&#8221;-&#8220;][et_pb_text _builder_version=&#8221;4.27.0&#8243; _module_preset=&#8221;default&#8221; min_height=&#8221;250px&#8221; global_colors_info=&#8221;{}&#8221;][\/et_pb_text][et_pb_is_image src=&#8221;https:\/\/www.amazon-of-europe.com\/wp-content\/uploads\/2024\/09\/Drava_Regulations_Croatia_A.-Mohl_WWF.jpg&#8221; move_background=&#8221;column&#8221; has_bg_gradient=&#8221;off&#8221; alt=&#8221;TBR MDD Threats&#8221; title_text=&#8221;Drava_Regulations_Croatia_A. Mohl_WWF&#8221; _builder_version=&#8221;4.27.0&#8243; _module_preset=&#8221;default&#8221; copyright_text_align=&#8221;left&#8221; copyright_font_size=&#8221;14px&#8221; global_colors_info=&#8221;{}&#8221;][\/et_pb_is_image][\/et_pb_column][\/et_pb_row][et_pb_row disabled_on=&#8221;off|off|on&#8221; _builder_version=&#8221;4.27.0&#8243; _module_preset=&#8221;default&#8221; custom_margin=&#8221;0px||0px||false|false&#8221; custom_padding=&#8221;0px||0px||false|false&#8221; global_colors_info=&#8221;{}&#8221;][et_pb_column type=&#8221;4_4&#8243; _builder_version=&#8221;4.27.0&#8243; _module_preset=&#8221;default&#8221; global_colors_info=&#8221;{}&#8221;][et_pb_button button_url=&#8221;https:\/\/www.amazon-of-europe.com\/sl\/biosferno-obmocje\/groznje\/&#8221; button_text=&#8221;\u2192&#8221; button_alignment=&#8221;center&#8221; _builder_version=&#8221;4.27.0&#8243; _module_preset=&#8221;default&#8221; custom_button=&#8221;on&#8221; button_text_size=&#8221;32px&#8221; button_border_radius=&#8221;60px&#8221; button_use_icon=&#8221;off&#8221; custom_margin=&#8221;||||false|false&#8221; custom_margin_tablet=&#8221;0px||||false|false&#8221; custom_margin_phone=&#8221;20px||||false|false&#8221; custom_margin_last_edited=&#8221;on|desktop&#8221; custom_padding=&#8221;15px|30px|15px|30px|false|false&#8221; global_colors_info=&#8221;{}&#8221;][\/et_pb_button][\/et_pb_column][\/et_pb_row][et_pb_row column_structure=&#8221;1_3,1_3,1_3&#8243; use_custom_gutter=&#8221;on&#8221; gutter_width=&#8221;1&#8243; make_equal=&#8221;on&#8221; _builder_version=&#8221;4.27.0&#8243; _module_preset=&#8221;default&#8221; locked=&#8221;off&#8221; global_colors_info=&#8221;{}&#8221;][et_pb_column type=&#8221;1_3&#8243; _builder_version=&#8221;4.27.0&#8243; _module_preset=&#8221;default&#8221; background_image=&#8221;https:\/\/www.amazon-of-europe.com\/wp-content\/uploads\/2024\/08\/Little-ringed-plover-c-G.Safarek_klein.jpg&#8221; custom_css_main_element=&#8221;width:40% !important;&#8221; global_colors_info=&#8221;{}&#8221; custom_css_main_element_last_edited=&#8221;on|tablet&#8221; custom_css_main_element_tablet=&#8221;-&#8221; custom_css_main_element_phone=&#8221;-&#8220;][et_pb_text _builder_version=&#8221;4.27.0&#8243; _module_preset=&#8221;default&#8221; min_height=&#8221;200px&#8221; global_colors_info=&#8221;{}&#8221;][\/et_pb_text][et_pb_is_image src=&#8221;https:\/\/www.amazon-of-europe.com\/wp-content\/uploads\/2026\/04\/FieldTrip_Bjelobrdska_Bara_HR_250521_c_Marko_Lorenzo_Blaslov-9-scaled.jpg&#8221; move_background=&#8221;column&#8221; has_bg_gradient=&#8221;off&#8221; alt=&#8221;LIFE RESTORE for MDD Bjelobrdska Oxbow Restoration&#8221; title_text=&#8221;FieldTrip_Bjelobrdska_Bara_HR_250521_(c)_Marko_Lorenzo_Blaslov (9)&#8221; _builder_version=&#8221;4.27.4&#8243; _module_preset=&#8221;default&#8221; copyright_text_align=&#8221;left&#8221; copyright_font_size=&#8221;14px&#8221; hover_enabled=&#8221;0&#8243; global_colors_info=&#8221;{}&#8221; sticky_enabled=&#8221;0&#8243;][\/et_pb_is_image][\/et_pb_column][et_pb_column type=&#8221;1_3&#8243; _builder_version=&#8221;4.27.0&#8243; _module_preset=&#8221;default&#8221; background_color=&#8221;#FCEFDD&#8221; custom_css_main_element=&#8221;width:40% !important;&#8221; global_colors_info=&#8221;{}&#8221; custom_css_main_element_last_edited=&#8221;on|tablet&#8221; custom_css_main_element_tablet=&#8221;-&#8221; custom_css_main_element_phone=&#8221;-&#8220;][et_pb_text _builder_version=&#8221;4.27.0&#8243; _module_preset=&#8221;default&#8221; text_text_color=&#8221;#967D6A&#8221; text_font_size=&#8221;16px&#8221; text_line_height=&#8221;22px&#8221; header_2_text_color=&#8221;#967D6A&#8221; header_2_font_size=&#8221;35px&#8221; custom_margin=&#8221;||0px||false|false&#8221; custom_padding=&#8221;40px|40px|40px|40px|false|false&#8221; link_option_url=&#8221;https:\/\/www.amazon-of-europe.com\/sl\/biosferno-obmocje\/obnova\/&#8221; global_colors_info=&#8221;{}&#8221;]<\/p>\n<h2>Obnova<\/h2>\n<p>Obnova je klju\u010dni element, na katerega se osredoto\u010da TBR MDD, z namenom vzpostavitve in izbolj\u0161anja naravne dinamike degradiranih re\u010dnih odsekov in njihovih poplavnih ravnic. Izvedeni primeri obnove presegajo osnovni  namen varovanja narave in izbolj\u0161anja biotske raznovrstnosti, prispevajo tudi k ciljem kot so ohranjaje kakovosti pitne vode in ustvarjanje prilo\u017enosti za rekreacijo za lokalno prebivalstvo. Biosferno obmo\u010dje \u017eeli z obnovitvenimi projekti ustvariti ravnovesje med naravo in \u010dlove\u0161kimi dejavnostmi.[\/et_pb_text][\/et_pb_column][et_pb_column type=&#8221;1_3&#8243; _builder_version=&#8221;4.27.0&#8243; _module_preset=&#8221;default&#8221; custom_css_main_element=&#8221;width:20% !important;&#8221; global_colors_info=&#8221;{}&#8221; custom_css_main_element_last_edited=&#8221;on|tablet&#8221; custom_css_main_element_phone=&#8221;-&#8221; custom_css_main_element_tablet=&#8221;-&#8220;][et_pb_button button_url=&#8221;https:\/\/www.amazon-of-europe.com\/sl\/biosferno-obmocje\/obnova\/&#8221; button_text=&#8221;\u2192&#8221; button_alignment=&#8221;center&#8221; _builder_version=&#8221;4.27.0&#8243; _module_preset=&#8221;default&#8221; custom_button=&#8221;on&#8221; button_text_size=&#8221;32px&#8221; button_border_radius=&#8221;60px&#8221; button_use_icon=&#8221;off&#8221; custom_margin=&#8221;150px||||false|false&#8221; custom_margin_tablet=&#8221;0px||||false|false&#8221; custom_margin_phone=&#8221;20px||||false|false&#8221; custom_margin_last_edited=&#8221;on|desktop&#8221; custom_padding=&#8221;15px|30px|15px|30px|false|false&#8221; global_colors_info=&#8221;{}&#8221;][\/et_pb_button][\/et_pb_column][\/et_pb_row][\/et_pb_section][et_pb_section fb_built=&#8221;1&#8243; module_id=&#8221;history&#8221; _builder_version=&#8221;4.27.0&#8243; _module_preset=&#8221;default&#8221; custom_margin=&#8221;0px||0px||false|false&#8221; custom_padding=&#8221;0px||0px||false|false&#8221; locked=&#8221;off&#8221; global_colors_info=&#8221;{}&#8221;][et_pb_row _builder_version=&#8221;4.27.0&#8243; _module_preset=&#8221;default&#8221; width=&#8221;65%&#8221; width_tablet=&#8221;80%&#8221; width_phone=&#8221;80%&#8221; width_last_edited=&#8221;on|tablet&#8221; max_width=&#8221;900px&#8221; custom_margin=&#8221;0px||||false|false&#8221; custom_padding=&#8221;15px||0px||false|false&#8221; global_colors_info=&#8221;{}&#8221;][et_pb_column type=&#8221;4_4&#8243; _builder_version=&#8221;4.25.2&#8243; _module_preset=&#8221;default&#8221; global_colors_info=&#8221;{}&#8221;][et_pb_text _builder_version=&#8221;4.27.0&#8243; _module_preset=&#8221;default&#8221; text_font_size=&#8221;16px&#8221; text_line_height=&#8221;22px&#8221; header_2_text_color=&#8221;#7DAAAF&#8221; header_2_font_size=&#8221;35px&#8221; global_colors_info=&#8221;{}&#8221;]<\/p>\n<h2>Zgodovina<\/h2>\n<p>WWF in partnerji za ohranjanje narave iz vseh petih dr\u017eav so si skoraj 30 let prizadevali za varovanje regije Mura-Drava-Donava in ustanovitev TBR MDD. Marca 2011 so v kraju G\u00f6d\u00f6ll\u0151 na Mad\u017earskem med mad\u017earskim predsedovanjem EU v znak izrednega okoljevarstvenega zavedanja in \u010dezmejnega sodelovanja ministri Avstrije, Slovenije, Hrva\u0161ke, Mad\u017earske in Srbije podpisali skupno deklaracijo o vzpostavitvi biosfernega obmo\u010dja. Po dolo\u010ditvi posameznih biosfernih obmo\u010dij je bil dose\u017een dolgo pri\u010dakovani cilj, saj je UNESCO 15. septembra 2021 na svoj seznam uvrstil prvo biosferno obmo\u010dje v petih dr\u017eavah na svetu.[\/et_pb_text][\/et_pb_column][\/et_pb_row][et_pb_row _builder_version=&#8221;4.27.0&#8243; _module_preset=&#8221;default&#8221; width=&#8221;65%&#8221; width_tablet=&#8221;80%&#8221; width_phone=&#8221;80%&#8221; width_last_edited=&#8221;on|tablet&#8221; max_width=&#8221;900px&#8221; custom_margin=&#8221;25px||25px||false|false&#8221; custom_padding=&#8221;15px||0px|10px|false|false&#8221; border_width_left=&#8221;4px&#8221; border_color_left=&#8221;#7DAAAF&#8221; global_colors_info=&#8221;{}&#8221;][et_pb_column type=&#8221;4_4&#8243; _builder_version=&#8221;4.25.2&#8243; _module_preset=&#8221;default&#8221; global_colors_info=&#8221;{}&#8221;][et_pb_text _builder_version=&#8221;4.27.0&#8243; _module_preset=&#8221;default&#8221; header_2_text_color=&#8221;#7DAAAF&#8221; header_2_font_size=&#8221;35px&#8221; global_colors_info=&#8221;{}&#8221;]<\/p>\n<h2>Klju\u010dni koraki za razglasitev<\/h2>\n<p>[\/et_pb_text][et_pb_blurb title=&#8221;1993&#8243; use_icon=&#8221;on&#8221; font_icon=&#8221;&#xf138;||fa||900&#8243; icon_color=&#8221;#7DAAAF&#8221; icon_placement=&#8221;left&#8221; image_icon_width=&#8221;25px&#8221; content_max_width=&#8221;1100px&#8221; _builder_version=&#8221;4.27.0&#8243; _module_preset=&#8221;default&#8221; header_text_color=&#8221;#7DAAAF&#8221; header_font_size=&#8221;25px&#8221; body_text_color=&#8221;#7DAAAF&#8221; body_font_size=&#8221;16px&#8221; body_line_height=&#8221;22px&#8221; module_alignment=&#8221;left&#8221; animation_style=&#8221;fade&#8221; animation_direction=&#8221;right&#8221; custom_css_blurb_title=&#8221;margin-bottom:-10px;&#8221; global_colors_info=&#8221;{}&#8221;]Nastala je zamisel o vzpostavitvi \u010dezmejnega biosfernega obmo\u010dja.[\/et_pb_blurb][et_pb_blurb title=&#8221;2009&#8243; use_icon=&#8221;on&#8221; font_icon=&#8221;&#xf138;||fa||900&#8243; icon_color=&#8221;#7DAAAF&#8221; icon_placement=&#8221;left&#8221; image_icon_width=&#8221;25px&#8221; content_max_width=&#8221;1100px&#8221; _builder_version=&#8221;4.27.0&#8243; _module_preset=&#8221;default&#8221; header_text_color=&#8221;#7DAAAF&#8221; header_font_size=&#8221;25px&#8221; body_text_color=&#8221;#7DAAAF&#8221; body_font_size=&#8221;16px&#8221; body_line_height=&#8221;22px&#8221; module_alignment=&#8221;left&#8221; animation_style=&#8221;fade&#8221; custom_css_blurb_title=&#8221;margin-bottom:-10px;&#8221; global_colors_info=&#8221;{}&#8221;]<\/p>\n<p>Hrva\u0161ka in Mad\u017earska podpi\u0161eta deklaracijo dvostranskega sporazuma o vzpostavitvi \u010dezmejnega biosfernega obmo\u010dja na svojih obmo\u010djih ob Muri, Dravi in Donavi.<\/p>\n<p>[\/et_pb_blurb][et_pb_blurb title=&#8221;2011&#8243; use_icon=&#8221;on&#8221; font_icon=&#8221;&#xf138;||fa||900&#8243; icon_color=&#8221;#7DAAAF&#8221; icon_placement=&#8221;left&#8221; image_icon_width=&#8221;25px&#8221; content_max_width=&#8221;1100px&#8221; _builder_version=&#8221;4.27.0&#8243; _module_preset=&#8221;default&#8221; header_text_color=&#8221;#7DAAAF&#8221; header_font_size=&#8221;25px&#8221; body_text_color=&#8221;#7DAAAF&#8221; body_font_size=&#8221;16px&#8221; body_line_height=&#8221;22px&#8221; module_alignment=&#8221;left&#8221; animation_style=&#8221;fade&#8221; custom_css_blurb_title=&#8221;margin-bottom:-10px;&#8221; global_colors_info=&#8221;{}&#8221;]<\/p>\n<p>Pobudi se pridru\u017eijo Avstrija, Slovenija ter Srbija in s Hrva\u0161ko in Mad\u017earsko podpi\u0161ejo ministrsko deklaracijo o vzpostavitvi skupnega biosfernega obmo\u010dja petih dr\u017eav ob Muri, Dravi in Donavi.<\/p>\n<p>[\/et_pb_blurb][et_pb_blurb title=&#8221;2012&#8243; use_icon=&#8221;on&#8221; font_icon=&#8221;&#xf138;||fa||900&#8243; icon_color=&#8221;#7DAAAF&#8221; icon_placement=&#8221;left&#8221; image_icon_width=&#8221;25px&#8221; content_max_width=&#8221;1100px&#8221; _builder_version=&#8221;4.27.0&#8243; _module_preset=&#8221;default&#8221; header_text_color=&#8221;#7DAAAF&#8221; header_font_size=&#8221;25px&#8221; body_text_color=&#8221;#7DAAAF&#8221; body_font_size=&#8221;16px&#8221; body_line_height=&#8221;22px&#8221; module_alignment=&#8221;left&#8221; animation_style=&#8221;fade&#8221; custom_css_blurb_title=&#8221;margin-bottom:-10px;&#8221; global_colors_info=&#8221;{}&#8221;]<\/p>\n<p>UNESCO na svoj seznam uvrsti \u010cezmejno biosferno obmo\u010dje Mura-Drava-Donava.<\/p>\n<p>[\/et_pb_blurb][et_pb_blurb title=&#8221;2017&#8243; use_icon=&#8221;on&#8221; font_icon=&#8221;&#xf138;||fa||900&#8243; icon_color=&#8221;#7DAAAF&#8221; icon_placement=&#8221;left&#8221; image_icon_width=&#8221;25px&#8221; content_max_width=&#8221;1100px&#8221; _builder_version=&#8221;4.27.0&#8243; _module_preset=&#8221;default&#8221; header_text_color=&#8221;#7DAAAF&#8221; header_font_size=&#8221;25px&#8221; body_text_color=&#8221;#7DAAAF&#8221; body_font_size=&#8221;16px&#8221; body_line_height=&#8221;22px&#8221; module_alignment=&#8221;left&#8221; animation_style=&#8221;fade&#8221; custom_css_blurb_title=&#8221;margin-bottom:-10px;&#8221; global_colors_info=&#8221;{}&#8221;]<\/p>\n<p>UNESCO na svoj seznam uvrsti Srbsko biosferno obmo\u010dje Ba\u010dko Podunavlje.<\/p>\n<p>[\/et_pb_blurb][et_pb_blurb title=&#8221;2018&#8243; use_icon=&#8221;on&#8221; font_icon=&#8221;&#xf138;||fa||900&#8243; icon_color=&#8221;#7DAAAF&#8221; icon_placement=&#8221;left&#8221; image_icon_width=&#8221;25px&#8221; content_max_width=&#8221;1100px&#8221; _builder_version=&#8221;4.27.0&#8243; _module_preset=&#8221;default&#8221; header_text_color=&#8221;#7DAAAF&#8221; header_font_size=&#8221;25px&#8221; body_text_color=&#8221;#7DAAAF&#8221; body_font_size=&#8221;16px&#8221; body_line_height=&#8221;22px&#8221; module_alignment=&#8221;left&#8221; animation_style=&#8221;fade&#8221; custom_css_blurb_title=&#8221;margin-bottom:-10px;&#8221; global_colors_info=&#8221;{}&#8221;]<\/p>\n<p>UNESCO na svoj seznam uvrsti Slovensko biosferno obmo\u010dje Mura.<\/p>\n<p>[\/et_pb_blurb][et_pb_blurb title=&#8221;2019&#8243; use_icon=&#8221;on&#8221; font_icon=&#8221;&#xf138;||fa||900&#8243; icon_color=&#8221;#7DAAAF&#8221; icon_placement=&#8221;left&#8221; image_icon_width=&#8221;25px&#8221; content_max_width=&#8221;1100px&#8221; _builder_version=&#8221;4.27.0&#8243; _module_preset=&#8221;default&#8221; header_text_color=&#8221;#7DAAAF&#8221; header_font_size=&#8221;25px&#8221; body_text_color=&#8221;#7DAAAF&#8221; body_font_size=&#8221;16px&#8221; body_line_height=&#8221;22px&#8221; module_alignment=&#8221;left&#8221; animation_style=&#8221;fade&#8221; custom_css_blurb_title=&#8221;margin-bottom:-10px;&#8221; global_colors_info=&#8221;{}&#8221;]<\/p>\n<p><span>UNESCO na svoj seznam uvrsti Avstrijsko biosferno obmo\u010dje doline spodnjega toka reke Mure.<\/span><\/p>\n<p>[\/et_pb_blurb][et_pb_blurb title=&#8221;2019&#8243; use_icon=&#8221;on&#8221; font_icon=&#8221;&#xf138;||fa||900&#8243; icon_color=&#8221;#7DAAAF&#8221; icon_placement=&#8221;left&#8221; image_icon_width=&#8221;25px&#8221; content_max_width=&#8221;1100px&#8221; _builder_version=&#8221;4.27.0&#8243; _module_preset=&#8221;default&#8221; header_text_color=&#8221;#7DAAAF&#8221; header_font_size=&#8221;25px&#8221; body_text_color=&#8221;#7DAAAF&#8221; body_font_size=&#8221;16px&#8221; body_line_height=&#8221;22px&#8221; module_alignment=&#8221;left&#8221; animation_style=&#8221;fade&#8221; custom_css_blurb_title=&#8221;margin-bottom:-10px;&#8221; global_colors_info=&#8221;{}&#8221;]<\/p>\n<p>Avstrija, Slovenija, Hrva\u0161ka, Mad\u017earska in Srbija pove\u017eejo vsa posamezna biosferna obmo\u010dja in dolo\u010dijo skupno biosferno obmo\u010dje petih dr\u017eav Mura-Drava-Donava.<\/p>\n<p>[\/et_pb_blurb][et_pb_blurb title=&#8221;September 2021&#8243; use_icon=&#8221;on&#8221; font_icon=&#8221;&#xf138;||fa||900&#8243; icon_color=&#8221;#7DAAAF&#8221; icon_placement=&#8221;left&#8221; image_icon_width=&#8221;25px&#8221; content_max_width=&#8221;1100px&#8221; _builder_version=&#8221;4.27.0&#8243; _module_preset=&#8221;default&#8221; header_text_color=&#8221;#7DAAAF&#8221; header_font_size=&#8221;25px&#8221; body_text_color=&#8221;#7DAAAF&#8221; body_font_size=&#8221;16px&#8221; body_line_height=&#8221;22px&#8221; module_alignment=&#8221;left&#8221; animation_style=&#8221;fade&#8221; custom_css_blurb_title=&#8221;margin-bottom:-10px;&#8221; global_colors_info=&#8221;{}&#8221;]<\/p>\n<p>UNESCO na svoj seznam uvrsti Petdr\u017eavno biosferno obmo\u010dje \u00a0Mura-Drava-Donava.<\/p>\n<p>[\/et_pb_blurb][\/et_pb_column][\/et_pb_row][et_pb_row _builder_version=&#8221;4.27.0&#8243; _module_preset=&#8221;default&#8221; width=&#8221;65%&#8221; width_tablet=&#8221;80%&#8221; width_phone=&#8221;80%&#8221; width_last_edited=&#8221;on|desktop&#8221; max_width=&#8221;900px&#8221; module_alignment=&#8221;center&#8221; global_colors_info=&#8221;{}&#8221;][et_pb_column type=&#8221;4_4&#8243; _builder_version=&#8221;4.25.2&#8243; _module_preset=&#8221;default&#8221; global_colors_info=&#8221;{}&#8221;][et_pb_video src=&#8221;https:\/\/youtu.be\/cIiffhHa7hw&#8221; _builder_version=&#8221;4.27.0&#8243; _module_preset=&#8221;default&#8221; global_colors_info=&#8221;{}&#8221;][\/et_pb_video][\/et_pb_column][\/et_pb_row][\/et_pb_section][et_pb_section fb_built=&#8221;1&#8243; _builder_version=&#8221;4.27.0&#8243; _module_preset=&#8221;default&#8221; custom_margin=&#8221;0px||0px||false|false&#8221; custom_padding=&#8221;0px||0px||false|false&#8221; global_colors_info=&#8221;{}&#8221;][et_pb_row _builder_version=&#8221;4.27.0&#8243; _module_preset=&#8221;default&#8221; width_tablet=&#8221;80%&#8221; width_phone=&#8221;80%&#8221; width_last_edited=&#8221;on|tablet&#8221; custom_margin=&#8221;0px||||false|false&#8221; custom_padding=&#8221;15px||0px||false|false&#8221; global_colors_info=&#8221;{}&#8221;][et_pb_column type=&#8221;4_4&#8243; _builder_version=&#8221;4.27.0&#8243; _module_preset=&#8221;default&#8221; global_colors_info=&#8221;{}&#8221;][et_pb_image src=&#8221;https:\/\/www.amazon-of-europe.com\/wp-content\/uploads\/2024\/11\/FactsFigures_Graphic_SI.jpg&#8221; alt=&#8221;Amazon of Europe Facts&#8221; title_text=&#8221;Facts&#038;Figures_Graphic_SI&#8221; _builder_version=&#8221;4.27.0&#8243; _module_preset=&#8221;default&#8221; global_colors_info=&#8221;{}&#8221;][\/et_pb_image][\/et_pb_column][\/et_pb_row][et_pb_row column_structure=&#8221;1_2,1_2&#8243; use_custom_gutter=&#8221;on&#8221; gutter_width=&#8221;2&#8243; _builder_version=&#8221;4.27.0&#8243; _module_preset=&#8221;default&#8221; width=&#8221;65%&#8221; width_tablet=&#8221;80%&#8221; width_phone=&#8221;80%&#8221; width_last_edited=&#8221;on|tablet&#8221; max_width=&#8221;900px&#8221; custom_margin=&#8221;20px||||false|false&#8221; custom_padding=&#8221;0px||||false|false&#8221; global_colors_info=&#8221;{}&#8221;][et_pb_column type=&#8221;1_2&#8243; _builder_version=&#8221;4.25.2&#8243; _module_preset=&#8221;default&#8221; global_colors_info=&#8221;{}&#8221;][et_pb_text _builder_version=&#8221;4.27.0&#8243; _module_preset=&#8221;default&#8221; text_font_size=&#8221;16px&#8221; text_line_height=&#8221;22px&#8221; header_2_text_color=&#8221;#7DAAAF&#8221; global_colors_info=&#8221;{}&#8221;]<\/p>\n<p><strong><span>\u010cas je, da se ponovno pove\u017eemo z naravo! Poleg ohranjanja \u017eivih re\u010dnih ekosistemov je na\u0161 cilj spodbujanje trajnostnega razvoja s TBR MDD.<\/span><\/strong><\/p>\n<p>Predstavljajte si \u017eivahne reke s sanjskimi otoki, naravnimi prodnatimi in pe\u0161\u010denimi sipinami, skrivnostne rokave in bujne poplavne ravnice s starodavnimi drevesi. Predstavljajte si bogato rastlinstvo in \u017eivalstvo: \u010drne \u0161torklje lovijo ob plitvih re\u010dnih bregovih, na tiso\u010de breguljk lovi komarje, da nahranijo svoje mladi\u010de na naravnih re\u010dnih bregovih, in ke\u010dige, ki se drstijo na gramoznih plitvinah. Ljudje v tem zdravem ekosistemu \u017eivijo trajnostno, skrbijo za pa\u0161nike ob rekah in podpirajo raznoliko gospodarstvo ter sprejemajo svojo bogato kulturno dedi\u0161\u010dino. To je na\u0161a vizija: \u017dive reke za naravo in ljudi!<\/p>\n<p>[\/et_pb_text][\/et_pb_column][et_pb_column type=&#8221;1_2&#8243; _builder_version=&#8221;4.27.0&#8243; _module_preset=&#8221;default&#8221; background_color=&#8221;#7DAAAF&#8221; custom_padding=&#8221;40px|40px|40px|40px|false|false&#8221; global_colors_info=&#8221;{}&#8221;][et_pb_blurb title=&#8221;Downloads &#038; Links&#8221; use_icon=&#8221;on&#8221; font_icon=&#8221;&#xe02b;||divi||400&#8243; icon_color=&#8221;#FFFFFF&#8221; icon_placement=&#8221;left&#8221; image_icon_width=&#8221;25px&#8221; content_max_width=&#8221;505px&#8221; _builder_version=&#8221;4.27.0&#8243; _module_preset=&#8221;default&#8221; header_text_color=&#8221;#FFFFFF&#8221; header_font_size=&#8221;35px&#8221; module_alignment=&#8221;left&#8221; custom_css_blurb_title=&#8221;margin-left:-20px;&#8221; global_colors_info=&#8221;{}&#8221;][\/et_pb_blurb][et_pb_text _builder_version=&#8221;4.27.0&#8243; _module_preset=&#8221;default&#8221; text_text_color=&#8221;#FFFFFF&#8221; text_font_size=&#8221;16px&#8221; text_line_height=&#8221;22px&#8221; link_font=&#8221;||||on|||#FFFFFF|&#8221; link_text_color=&#8221;#FFFFFF&#8221; header_2_text_color=&#8221;#FFFFFF&#8221; header_2_font_size=&#8221;35px&#8221; custom_margin=&#8221;||0px||false|false&#8221; custom_padding=&#8221;||0px||false|false&#8221; locked=&#8221;off&#8221; global_colors_info=&#8221;{}&#8221;]<\/p>\n<ul>\n<li>Informativni listi TBR MDD (<a href=\"https:\/\/www.amazon-of-europe.com\/wp-content\/uploads\/2024\/10\/TBR_MDD_factsheet_EN.pdf\" target=\"_blank\" rel=\"noopener\">EN<\/a>)<\/li>\n<li>Ministrska deklaracija TBR MDD (<a href=\"https:\/\/www.tbpa.net\/docs\/agreements\/Declaration%20preparation%20creation%20TBR%20Mura%20Drava%20Danube.pdf\" target=\"_blank\" rel=\"noopener\">EN<\/a>)<\/li>\n<li><a href=\"https:\/\/www.amazon-of-europe.com\/wp-content\/uploads\/2024\/11\/FactsFigures_Graphic_SI.jpg\" target=\"_blank\" rel=\"noopener\">Grafikon s podatki in shemami<\/a><\/li>\n<li><a href=\"https:\/\/biosphaerenpark.vulkanland.at\/\" target=\"_blank\" rel=\"noopener\">Povezava do nem\u0161ke spletne strani Avstrijskega biosfernega obmo\u010dja doline spodnjega toka reke Mure. <\/a><\/li>\n<\/ul>\n<p>[\/et_pb_text][\/et_pb_column][\/et_pb_row][\/et_pb_section]<\/p>\n","protected":false},"excerpt":{"rendered":"<p>BIOSFERNO OBMO\u010cJESplo\u0161ne informacije Spodnji re\u010dni odseki Drave in Mure, skupaj s povezanimi odseki Donave, ki se raztezajo \u010dez Avstrijo, Slovenijo, Hrva\u0161ko in Srbijo tvorijo enega najpomembnej\u0161ih re\u010dnih ekosistemov v Evropi, tako imenovano \u2018Evropsko Amazonko&#8217;. Tri reke skupaj \u00a0tvorijo 700 kilometrov dolg \u00bbzeleni pas\u00ab, ki povezuje skoraj 1.000.000 hektarjev naravnih in kulturnih pokrajin z zelo visoko [&hellip;]<\/p>\n","protected":false},"author":3,"featured_media":0,"parent":0,"menu_order":0,"comment_status":"closed","ping_status":"closed","template":"","meta":{"_et_pb_use_builder":"on","_et_pb_old_content":"","_et_gb_content_width":"","footnotes":""},"class_list":["post-4055","page","type-page","status-publish","hentry"],"yoast_head":"<!-- This site is optimized with the Yoast SEO plugin v24.2 - https:\/\/yoast.com\/wordpress\/plugins\/seo\/ -->\n<title>Biosferno obmo\u010dje - Amazon of Europe<\/title>\n<meta name=\"robots\" content=\"index, follow, max-snippet:-1, max-image-preview:large, max-video-preview:-1\" \/>\n<link rel=\"canonical\" href=\"https:\/\/www.amazon-of-europe.com\/sl\/biosferno-obmocje\/\" \/>\n<meta property=\"og:locale\" content=\"sl_SI\" \/>\n<meta property=\"og:type\" content=\"article\" \/>\n<meta property=\"og:title\" content=\"Biosferno obmo\u010dje - Amazon of Europe\" \/>\n<meta property=\"og:description\" content=\"BIOSFERNO OBMO\u010cJESplo\u0161ne informacije Spodnji re\u010dni odseki Drave in Mure, skupaj s povezanimi odseki Donave, ki se raztezajo \u010dez Avstrijo, Slovenijo, Hrva\u0161ko in Srbijo tvorijo enega najpomembnej\u0161ih re\u010dnih ekosistemov v Evropi, tako imenovano \u2018Evropsko Amazonko&#039;. Tri reke skupaj \u00a0tvorijo 700 kilometrov dolg \u00bbzeleni pas\u00ab, ki povezuje skoraj 1.000.000 hektarjev naravnih in kulturnih pokrajin z zelo visoko [&hellip;]\" \/>\n<meta property=\"og:url\" content=\"https:\/\/www.amazon-of-europe.com\/sl\/biosferno-obmocje\/\" \/>\n<meta property=\"og:site_name\" content=\"Amazon of Europe\" \/>\n<meta property=\"article:publisher\" content=\"https:\/\/www.facebook.com\/AmazonOfEurope\" \/>\n<meta property=\"article:modified_time\" content=\"2026-04-29T14:55:28+00:00\" \/>\n<meta name=\"twitter:card\" content=\"summary_large_image\" \/>\n<meta name=\"twitter:label1\" content=\"Est. reading time\" \/>\n\t<meta name=\"twitter:data1\" content=\"18 minut\" \/>\n<script type=\"application\/ld+json\" class=\"yoast-schema-graph\">{\"@context\":\"https:\/\/schema.org\",\"@graph\":[{\"@type\":\"WebPage\",\"@id\":\"https:\/\/www.amazon-of-europe.com\/sl\/biosferno-obmocje\/\",\"url\":\"https:\/\/www.amazon-of-europe.com\/sl\/biosferno-obmocje\/\",\"name\":\"Biosferno obmo\u010dje - Amazon of Europe\",\"isPartOf\":{\"@id\":\"https:\/\/www.amazon-of-europe.com\/#website\"},\"datePublished\":\"2024-06-13T09:31:37+00:00\",\"dateModified\":\"2026-04-29T14:55:28+00:00\",\"breadcrumb\":{\"@id\":\"https:\/\/www.amazon-of-europe.com\/sl\/biosferno-obmocje\/#breadcrumb\"},\"inLanguage\":\"sl-SI\",\"potentialAction\":[{\"@type\":\"ReadAction\",\"target\":[\"https:\/\/www.amazon-of-europe.com\/sl\/biosferno-obmocje\/\"]}]},{\"@type\":\"BreadcrumbList\",\"@id\":\"https:\/\/www.amazon-of-europe.com\/sl\/biosferno-obmocje\/#breadcrumb\",\"itemListElement\":[{\"@type\":\"ListItem\",\"position\":1,\"name\":\"Home\",\"item\":\"https:\/\/www.amazon-of-europe.com\/\"},{\"@type\":\"ListItem\",\"position\":2,\"name\":\"Biosferno obmo\u010dje\"}]},{\"@type\":\"WebSite\",\"@id\":\"https:\/\/www.amazon-of-europe.com\/#website\",\"url\":\"https:\/\/www.amazon-of-europe.com\/\",\"name\":\"Amazon of Europe\",\"description\":\"WWF Austria\",\"publisher\":{\"@id\":\"https:\/\/www.amazon-of-europe.com\/#organization\"},\"potentialAction\":[{\"@type\":\"SearchAction\",\"target\":{\"@type\":\"EntryPoint\",\"urlTemplate\":\"https:\/\/www.amazon-of-europe.com\/?s={search_term_string}\"},\"query-input\":{\"@type\":\"PropertyValueSpecification\",\"valueRequired\":true,\"valueName\":\"search_term_string\"}}],\"inLanguage\":\"sl-SI\"},{\"@type\":\"Organization\",\"@id\":\"https:\/\/www.amazon-of-europe.com\/#organization\",\"name\":\"Amazon of Europe\",\"url\":\"https:\/\/www.amazon-of-europe.com\/\",\"logo\":{\"@type\":\"ImageObject\",\"inLanguage\":\"sl-SI\",\"@id\":\"https:\/\/www.amazon-of-europe.com\/#\/schema\/logo\/image\/\",\"url\":\"https:\/\/www.amazon-of-europe.com\/wp-content\/uploads\/2024\/09\/AOE_Logo.jpg\",\"contentUrl\":\"https:\/\/www.amazon-of-europe.com\/wp-content\/uploads\/2024\/09\/AOE_Logo.jpg\",\"width\":900,\"height\":384,\"caption\":\"Amazon of Europe\"},\"image\":{\"@id\":\"https:\/\/www.amazon-of-europe.com\/#\/schema\/logo\/image\/\"},\"sameAs\":[\"https:\/\/www.facebook.com\/AmazonOfEurope\"]}]}<\/script>\n<!-- \/ Yoast SEO plugin. -->","yoast_head_json":{"title":"Biosferno obmo\u010dje - Amazon of Europe","robots":{"index":"index","follow":"follow","max-snippet":"max-snippet:-1","max-image-preview":"max-image-preview:large","max-video-preview":"max-video-preview:-1"},"canonical":"https:\/\/www.amazon-of-europe.com\/sl\/biosferno-obmocje\/","og_locale":"sl_SI","og_type":"article","og_title":"Biosferno obmo\u010dje - Amazon of Europe","og_description":"BIOSFERNO OBMO\u010cJESplo\u0161ne informacije Spodnji re\u010dni odseki Drave in Mure, skupaj s povezanimi odseki Donave, ki se raztezajo \u010dez Avstrijo, Slovenijo, Hrva\u0161ko in Srbijo tvorijo enega najpomembnej\u0161ih re\u010dnih ekosistemov v Evropi, tako imenovano \u2018Evropsko Amazonko'. Tri reke skupaj \u00a0tvorijo 700 kilometrov dolg \u00bbzeleni pas\u00ab, ki povezuje skoraj 1.000.000 hektarjev naravnih in kulturnih pokrajin z zelo visoko [&hellip;]","og_url":"https:\/\/www.amazon-of-europe.com\/sl\/biosferno-obmocje\/","og_site_name":"Amazon of Europe","article_publisher":"https:\/\/www.facebook.com\/AmazonOfEurope","article_modified_time":"2026-04-29T14:55:28+00:00","twitter_card":"summary_large_image","twitter_misc":{"Est. reading time":"18 minut"},"schema":{"@context":"https:\/\/schema.org","@graph":[{"@type":"WebPage","@id":"https:\/\/www.amazon-of-europe.com\/sl\/biosferno-obmocje\/","url":"https:\/\/www.amazon-of-europe.com\/sl\/biosferno-obmocje\/","name":"Biosferno obmo\u010dje - Amazon of Europe","isPartOf":{"@id":"https:\/\/www.amazon-of-europe.com\/#website"},"datePublished":"2024-06-13T09:31:37+00:00","dateModified":"2026-04-29T14:55:28+00:00","breadcrumb":{"@id":"https:\/\/www.amazon-of-europe.com\/sl\/biosferno-obmocje\/#breadcrumb"},"inLanguage":"sl-SI","potentialAction":[{"@type":"ReadAction","target":["https:\/\/www.amazon-of-europe.com\/sl\/biosferno-obmocje\/"]}]},{"@type":"BreadcrumbList","@id":"https:\/\/www.amazon-of-europe.com\/sl\/biosferno-obmocje\/#breadcrumb","itemListElement":[{"@type":"ListItem","position":1,"name":"Home","item":"https:\/\/www.amazon-of-europe.com\/"},{"@type":"ListItem","position":2,"name":"Biosferno obmo\u010dje"}]},{"@type":"WebSite","@id":"https:\/\/www.amazon-of-europe.com\/#website","url":"https:\/\/www.amazon-of-europe.com\/","name":"Amazon of Europe","description":"WWF Austria","publisher":{"@id":"https:\/\/www.amazon-of-europe.com\/#organization"},"potentialAction":[{"@type":"SearchAction","target":{"@type":"EntryPoint","urlTemplate":"https:\/\/www.amazon-of-europe.com\/?s={search_term_string}"},"query-input":{"@type":"PropertyValueSpecification","valueRequired":true,"valueName":"search_term_string"}}],"inLanguage":"sl-SI"},{"@type":"Organization","@id":"https:\/\/www.amazon-of-europe.com\/#organization","name":"Amazon of Europe","url":"https:\/\/www.amazon-of-europe.com\/","logo":{"@type":"ImageObject","inLanguage":"sl-SI","@id":"https:\/\/www.amazon-of-europe.com\/#\/schema\/logo\/image\/","url":"https:\/\/www.amazon-of-europe.com\/wp-content\/uploads\/2024\/09\/AOE_Logo.jpg","contentUrl":"https:\/\/www.amazon-of-europe.com\/wp-content\/uploads\/2024\/09\/AOE_Logo.jpg","width":900,"height":384,"caption":"Amazon of Europe"},"image":{"@id":"https:\/\/www.amazon-of-europe.com\/#\/schema\/logo\/image\/"},"sameAs":["https:\/\/www.facebook.com\/AmazonOfEurope"]}]}},"_links":{"self":[{"href":"https:\/\/www.amazon-of-europe.com\/sl\/wp-json\/wp\/v2\/pages\/4055","targetHints":{"allow":["GET"]}}],"collection":[{"href":"https:\/\/www.amazon-of-europe.com\/sl\/wp-json\/wp\/v2\/pages"}],"about":[{"href":"https:\/\/www.amazon-of-europe.com\/sl\/wp-json\/wp\/v2\/types\/page"}],"author":[{"embeddable":true,"href":"https:\/\/www.amazon-of-europe.com\/sl\/wp-json\/wp\/v2\/users\/3"}],"replies":[{"embeddable":true,"href":"https:\/\/www.amazon-of-europe.com\/sl\/wp-json\/wp\/v2\/comments?post=4055"}],"version-history":[{"count":6,"href":"https:\/\/www.amazon-of-europe.com\/sl\/wp-json\/wp\/v2\/pages\/4055\/revisions"}],"predecessor-version":[{"id":9812,"href":"https:\/\/www.amazon-of-europe.com\/sl\/wp-json\/wp\/v2\/pages\/4055\/revisions\/9812"}],"wp:attachment":[{"href":"https:\/\/www.amazon-of-europe.com\/sl\/wp-json\/wp\/v2\/media?parent=4055"}],"curies":[{"name":"wp","href":"https:\/\/api.w.org\/{rel}","templated":true}]}}